{"id":3,"date":"2021-03-23T18:38:43","date_gmt":"2021-03-23T16:38:43","guid":{"rendered":"http:\/\/www.marketingarchitect.hu\/?page_id=3"},"modified":"2021-06-16T12:40:26","modified_gmt":"2021-06-16T10:40:26","slug":"adatkezeles","status":"publish","type":"page","link":"https:\/\/www.marketingarchitect.hu\/en\/adatkezeles\/","title":{"rendered":"Adatkezel\u00e9s"},"content":{"rendered":"<p>[et_pb_section fb_built=&#8221;1&#8243; _builder_version=&#8221;4.9.2&#8243; _module_preset=&#8221;default&#8221; background_image=&#8221;http:\/\/www.marketingarchitect.hu\/wp-content\/uploads\/2021\/06\/Kiss-Viktoria-marketing-architect-ADATVEDELEM-7-scaled.jpg&#8221; height=&#8221;340px&#8221; height_tablet=&#8221;200px&#8221; height_phone=&#8221;200px&#8221; height_last_edited=&#8221;on|phone&#8221; custom_margin=&#8221;||||false&#8221; custom_padding=&#8221;||||true|false&#8221; hover_enabled=&#8221;0&#8243; title_text=&#8221;Kiss-Viktoria-marketing-architect-ADATVEDELEM-7&#8243; sticky_enabled=&#8221;0&#8243;][\/et_pb_section][et_pb_section fb_built=&#8221;1&#8243; _builder_version=&#8221;4.9.2&#8243; _module_preset=&#8221;default&#8221; background_color=&#8221;#FFFFFF&#8221; background_enable_image=&#8221;off&#8221; custom_padding=&#8221;||10px||false|false&#8221;][et_pb_row _builder_version=&#8221;4.9.2&#8243; _module_preset=&#8221;default&#8221; custom_margin=&#8221;||||false|false&#8221; custom_padding=&#8221;|0px|0px||false|false&#8221;][et_pb_column type=&#8221;4_4&#8243; _builder_version=&#8221;4.9.2&#8243; _module_preset=&#8221;default&#8221;][et_pb_text _builder_version=&#8221;4.9.2&#8243; _module_preset=&#8221;default&#8221; header_text_color=&#8221;#2F2E33&#8243; header_font_size=&#8221;26px&#8221; custom_margin=&#8221;11px||11px||true|false&#8221;]<\/p>\n<h1>Adatkezel\u00e9si t\u00e1j\u00e9koztat\u00f3<\/h1>\n<ol>\n<li>AZ ADATKEZEL\u00c9SI T\u00c1J\u00c9KOZTAT\u00d3 C\u00c9LJA<\/li>\n<\/ol>\n<p>A MarketingArchitect.hu tulajdonosa a K.V.Zoo Szolg\u00e1ltat\u00f3 Bt (tov\u00e1bbiakban: \u201eK.V.Zoo\u201d, \u201eAdatkezel\u0151\u201d, vagy \u201eT\u00e1rsas\u00e1g\u201d), mint adatkezel\u0151, mag\u00e1ra n\u00e9zve k\u00f6telez\u0151nek ismeri el jelen jogi k\u00f6zlem\u00e9ny tartalm\u00e1t. Az Adatkezel\u0151 k\u00f6telezetts\u00e9get v\u00e1llal arra, hogy tev\u00e9kenys\u00e9g\u00e9vel kapcsolatos minden adatkezel\u00e9s megfelel a jelen szab\u00e1lyzatban \u00e9s a hat\u00e1lyos nemzeti jogszab\u00e1lyokban, valamint az Eur\u00f3pai Uni\u00f3 jogi aktusaiban meghat\u00e1rozott elv\u00e1r\u00e1soknak.<\/p>\n<p>A jelen t\u00e1j\u00e9koztat\u00f3 c\u00e9lja az abban foglalt, \u00edgy pedig k\u00fcl\u00f6n\u00f6sen els\u0151sorban a MarketingArchitect.hu honlapon kereszt\u00fcl el\u00e9rhet\u0151 funkci\u00f3k, illetve szolg\u00e1ltat\u00e1sok keret\u00e9ben felmer\u00fcl\u0151 adatkezel\u00e9sekkel kapcsolatos t\u00e1j\u00e9koztat\u00e1s ny\u00fajt\u00e1sa.<\/p>\n<p>Az Adatkezel\u0151 adatkezel\u00e9seivel kapcsolatosan felmer\u00fcl\u0151 adatv\u00e9delmi szab\u00e1lyzatok, t\u00e1j\u00e9koztat\u00f3k folyamatosan el\u00e9rhet\u0151k ezen weboldalon: https:\/\/www. marketingarchitect.hu \/adatkezeles\/.<\/p>\n<p>Az Adatkezel\u0151 fenntartja mag\u00e1nak a jogot jelen t\u00e1j\u00e9koztat\u00f3 b\u00e1rmikori, egyoldal\u00fa megv\u00e1ltoztat\u00e1s\u00e1ra. Az esetleges v\u00e1ltoz\u00e1sokr\u00f3l kell\u0151 id\u0151ben \u00e9rtes\u00edti az \u00e9rintetteket.<\/p>\n<p>Amennyiben k\u00e9rd\u00e9se lenne jelen k\u00f6zlem\u00e9ny\u00fcnkh\u00f6z kapcsol\u00f3d\u00f3an, k\u00e9rj\u00fck, \u00edrja meg a 3. pontban meghat\u00e1rozott el\u00e9rhet\u0151s\u00e9gen.<\/p>\n<p>Az Adatkezel\u0151 elk\u00f6telezett \u00fcgyfelei \u00e9s partnerei szem\u00e9lyes adatainak v\u00e9delm\u00e9ben, kiemelten fontosnak tartja \u00fcgyfelei inform\u00e1ci\u00f3s \u00f6nrendelkez\u00e9si jog\u00e1nak tiszteletben tart\u00e1s\u00e1t. Az Adatkezel\u0151 a szem\u00e9lyes adatokat bizalmasan kezeli, \u00e9s megtesz minden olyan biztons\u00e1gi, technikai \u00e9s szervez\u00e9si int\u00e9zked\u00e9st, mely az adatok biztons\u00e1g\u00e1t garant\u00e1lja.<\/p>\n<p>Az Adatkezel\u0151 az al\u00e1bbiakban ismerteti adatkezel\u00e9si elveit, bemutatja azokat az elv\u00e1r\u00e1sokat, melyeket saj\u00e1t mag\u00e1val, mint adatkezel\u0151vel szemben megfogalmazott, \u00e9s betart. Adatkezel\u00e9si alapelvei \u00f6sszhangban vannak az adatv\u00e9delemmel kapcsolatos hat\u00e1lyos jogszab\u00e1lyokkal, \u00edgy k\u00fcl\u00f6n\u00f6sen az al\u00e1bbiakkal:<\/p>\n<ul>\n<li style=\"list-style-type: none;\">\n<ul>\n<li>\u00e9vi CXII. t\u00f6rv\u00e9ny \u2013 az inform\u00e1ci\u00f3s \u00f6nrendelkez\u00e9si jogr\u00f3l \u00e9s az inform\u00e1ci\u00f3szabads\u00e1gr\u00f3l (a tov\u00e1bbiakban: \u201eInfo tv.\u201d);<\/li>\n<li>\u00e9vi V. t\u00f6rv\u00e9ny &#8211; a Polg\u00e1ri T\u00f6rv\u00e9nyk\u00f6nyvr\u0151l (a tov\u00e1bbiakban: \u201ePtk.\u201d);<\/li>\n<li>Az Eur\u00f3pai Parlament \u00e9s a Tan\u00e1cs (EU) 2016\/679 rendelete (2016. \u00e1prilis 27.) \u2013 a term\u00e9szetes szem\u00e9lyeknek a szem\u00e9lyes adatok kezel\u00e9se tekintet\u00e9ben t\u00f6rt\u00e9n\u0151 v\u00e9delm\u00e9r\u0151l \u00e9s az ilyen adatok szabad \u00e1raml\u00e1s\u00e1r\u00f3l, valamint a 95\/46\/EK rendelet hat\u00e1lyon k\u00edv\u00fcl helyez\u00e9s\u00e9r\u0151l (\u00e1ltal\u00e1nos adatv\u00e9delmi rendelet, a tov\u00e1bbiakban: \u201eGDPR\u201d)<\/li>\n<li>\u00e9vi XLVIII. t\u00f6rv\u00e9ny &#8211; a gazdas\u00e1gi rekl\u00e1mtev\u00e9kenys\u00e9g alapvet\u0151 felt\u00e9teleir\u0151l \u00e9s egyes korl\u00e1tair\u00f3l (a tov\u00e1bbiakban: \u201eGrt.\u201d)<\/li>\n<\/ul>\n<\/li>\n<\/ul>\n<p>&nbsp;<\/p>\n<ol start=\"2\">\n<li>DEFIN\u00cdCI\u00d3K<\/li>\n<\/ol>\n<ul>\n<li><strong>\u00e9rintett:<\/strong> b\u00e1rmely inform\u00e1ci\u00f3 alapj\u00e1n azonos\u00edtott vagy azonos\u00edthat\u00f3 term\u00e9szetes szem\u00e9ly;<\/li>\n<li><strong>azonos\u00edthat\u00f3 term\u00e9szetes szem\u00e9ly:<\/strong> az a term\u00e9szetes szem\u00e9ly, aki k\u00f6zvetlen vagy k\u00f6zvetett m\u00f3don, k\u00fcl\u00f6n\u00f6sen valamely azonos\u00edt\u00f3, p\u00e9ld\u00e1ul n\u00e9v, azonos\u00edt\u00f3 sz\u00e1m, helymeghat\u00e1roz\u00f3 adat, online azonos\u00edt\u00f3 vagy a term\u00e9szetes szem\u00e9ly fizikai, fiziol\u00f3giai, genetikai, szellemi, gazdas\u00e1gi, kultur\u00e1lis vagy szoci\u00e1lis azonoss\u00e1g\u00e1ra vonatkoz\u00f3 egy vagy t\u00f6bb t\u00e9nyez\u0151 alapj\u00e1n azonos\u00edthat\u00f3;<\/li>\n<li><strong>szem\u00e9lyes adat:<\/strong> az \u00e9rintettre vonatkoz\u00f3 b\u00e1rmely inform\u00e1ci\u00f3;<\/li>\n<li><strong>hozz\u00e1j\u00e1rul\u00e1s:<\/strong> az \u00e9rintett akarat\u00e1nak \u00f6nk\u00e9ntes, hat\u00e1rozott megfelel\u0151 t\u00e1j\u00e9koztat\u00e1son alapul\u00f3 egy\u00e9rtelm\u0171 kinyilv\u00e1n\u00edt\u00e1sa, amellyel az \u00e9rintett nyilatkozat, vagy az akarat\u00e1t f\u00e9lre\u00e9rthetetlen\u00fcl kifejez\u0151 m\u00e1s magatart\u00e1s \u00fatj\u00e1n jelzi, hogy beleegyez\u00e9s\u00e9t adja a r\u00e1 vonatkoz\u00f3 szem\u00e9lyes adatok kezel\u00e9s\u00e9hez;<\/li>\n<li><strong>adatkezel\u0151:<\/strong> az a term\u00e9szetes vagy jogi szem\u00e9ly, illetve jogi szem\u00e9lyis\u00e9ggel nem rendelkez\u0151 szervezet, aki vagy amely &#8211; t\u00f6rv\u00e9nyben vagy az Eur\u00f3pai Uni\u00f3 k\u00f6telez\u0151 jogi aktus\u00e1ban meghat\u00e1rozott keretek k\u00f6z\u00f6tt &#8211; \u00f6n\u00e1ll\u00f3an vagy m\u00e1sokkal egy\u00fctt az adatok kezel\u00e9s\u00e9nek c\u00e9lj\u00e1t meghat\u00e1rozza, az adatkezel\u00e9sre (bele\u00e9rtve a felhaszn\u00e1lt eszk\u00f6zt) vonatkoz\u00f3 d\u00f6nt\u00e9seket meghozza \u00e9s v\u00e9grehajtja, vagy az adatfeldolgoz\u00f3val v\u00e9grehajttatja;<\/li>\n<li><strong>adatkezel\u00e9s:<\/strong> az alkalmazott elj\u00e1r\u00e1st\u00f3l f\u00fcggetlen\u00fcl az adatokon v\u00e9gzett b\u00e1rmely m\u0171velet vagy a m\u0171veletek \u00f6sszess\u00e9ge, \u00edgy k\u00fcl\u00f6n\u00f6sen gy\u0171jt\u00e9se, felv\u00e9tele, r\u00f6gz\u00edt\u00e9se, rendszerez\u00e9se, t\u00e1rol\u00e1sa, megv\u00e1ltoztat\u00e1sa, felhaszn\u00e1l\u00e1sa, lek\u00e9rdez\u00e9se, tov\u00e1bb\u00edt\u00e1sa, nyilv\u00e1noss\u00e1gra hozatala, \u00f6sszehangol\u00e1sa vagy \u00f6sszekapcsol\u00e1sa, z\u00e1rol\u00e1sa, t\u00f6rl\u00e9se \u00e9s megsemmis\u00edt\u00e9se, valamint az adatok tov\u00e1bbi felhaszn\u00e1l\u00e1s\u00e1nak megakad\u00e1lyoz\u00e1sa, f\u00e9nyk\u00e9p-, hang- vagy k\u00e9pfelv\u00e9tel k\u00e9sz\u00edt\u00e9se, valamint a szem\u00e9ly azonos\u00edt\u00e1s\u00e1ra alkalmas fizikai jellemz\u0151k (pl. ujj- vagy teny\u00e9rnyomat, DNS-minta, \u00edriszk\u00e9p) r\u00f6gz\u00edt\u00e9se;<\/li>\n<li><strong>adattov\u00e1bb\u00edt\u00e1s:<\/strong> az adat meghat\u00e1rozott harmadik szem\u00e9ly sz\u00e1m\u00e1ra t\u00f6rt\u00e9n\u0151 hozz\u00e1f\u00e9rhet\u0151v\u00e9 t\u00e9tele;<\/li>\n<li><strong>nyilv\u00e1noss\u00e1gra hozatal:<\/strong> az adatot b\u00e1rki sz\u00e1m\u00e1ra t\u00f6rt\u00e9n\u0151 hozz\u00e1f\u00e9rhet\u0151v\u00e9 t\u00e9tele;<\/li>\n<li><strong>adatt\u00f6rl\u00e9s:<\/strong> az adat felismerhetetlenn\u00e9 t\u00e9tele oly m\u00f3don, hogy a helyre\u00e1ll\u00edt\u00e1sa t\u00f6bb\u00e9 nem lehets\u00e9ges;<\/li>\n<li><strong>adatfeldolgoz\u00e1s: <\/strong>az adatkezel\u0151 megb\u00edz\u00e1s\u00e1b\u00f3l vagy rendelkez\u00e9se alapj\u00e1n elj\u00e1r\u00f3 adatfeldolgoz\u00f3 \u00e1ltal v\u00e9gzett adatkezel\u00e9si m\u0171veletek \u00f6sszess\u00e9ge;<\/li>\n<li><strong>adatfeldolgoz\u00f3:<\/strong> az a term\u00e9szetes vagy jogi szem\u00e9ly, illetve jogi szem\u00e9lyis\u00e9ggel nem rendelkez\u0151 szervezet, aki, vagy amely &#8211; t\u00f6rv\u00e9nyben vagy az Eur\u00f3pai Uni\u00f3 k\u00f6telez\u0151 jogi aktus\u00e1ban meghat\u00e1rozott keretek k\u00f6z\u00f6tt \u00e9s felt\u00e9telekkel \u2013 az adatkezel\u0151 megb\u00edz\u00e1s\u00e1b\u00f3l vagy rendelkez\u00e9se alapj\u00e1n az adatkezel\u0151 nev\u00e9ben szem\u00e9lyes adatokat kezel;<\/li>\n<li><strong>adatv\u00e9delmi incidens:<\/strong> a biztons\u00e1g olyan s\u00e9r\u00fcl\u00e9se, amely a tov\u00e1bb\u00edtott, t\u00e1rolt vagy m\u00e1s m\u00f3don kezelt szem\u00e9lyes adatok v\u00e9letlen vagy jogellenes megsemmis\u00edt\u00e9s\u00e9t, elveszt\u00e9s\u00e9t, megv\u00e1ltoztat\u00e1s\u00e1t, jogosulatlan k\u00f6zl\u00e9s\u00e9t vagy az azokhoz val\u00f3 jogosulatlan hozz\u00e1f\u00e9r\u00e9st eredm\u00e9nyezi;<\/li>\n<li><strong>profilalkot\u00e1s:<\/strong> szem\u00e9lyes adat b\u00e1rmely olyan &#8211; automatiz\u00e1lt m\u00f3don t\u00f6rt\u00e9n\u0151 &#8211; kezel\u00e9se, amely az \u00e9rintett szem\u00e9lyes jellemz\u0151inek, k\u00fcl\u00f6n\u00f6sen a munkahelyi teljes\u00edtm\u00e9ny\u00e9hez, gazdas\u00e1gi helyzet\u00e9hez, eg\u00e9szs\u00e9gi \u00e1llapot\u00e1hoz, szem\u00e9lyes preferenci\u00e1ihoz vagy \u00e9rdekl\u0151d\u00e9s\u00e9hez, megb\u00edzhat\u00f3s\u00e1g\u00e1hoz, viselked\u00e9s\u00e9hez, tart\u00f3zkod\u00e1si hely\u00e9hez vagy mozg\u00e1s\u00e1hoz kapcsol\u00f3d\u00f3 jellemz\u0151inek \u00e9rt\u00e9kel\u00e9s\u00e9re, elemz\u00e9s\u00e9re vagy el\u0151rejelz\u00e9s\u00e9re ir\u00e1nyul.<\/li>\n<\/ul>\n<p>&nbsp;<\/p>\n<ol start=\"3\">\n<li>AZ ADATKEZEL\u0150 ADATAI<\/li>\n<\/ol>\n<p>Az Adatkezel\u0151 adatai, el\u00e9rhet\u0151s\u00e9gei a k\u00f6vetkez\u0151k:<\/p>\n<p style=\"padding-left: 40px;\"><strong>N\u00e9v:<\/strong> K.V.Zoo Szolg\u00e1ltat\u00f3 Bet\u00e9ti T\u00e1rsas\u00e1g<\/p>\n<p style=\"padding-left: 40px;\"><strong>Sz\u00e9khely:<\/strong> 1024 Budapest, Ezredes utca 10.<\/p>\n<p style=\"padding-left: 40px;\"><strong>Company registration number:<\/strong> 01-06-518653<\/p>\n<p style=\"padding-left: 40px;\"><strong>Ad\u00f3sz\u00e1m:<\/strong> 28674438-1-41<\/p>\n<p style=\"padding-left: 40px;\"><strong>Telefonsz\u00e1m:<\/strong> +36 70\u00a0311 99 66<\/p>\n<p style=\"padding-left: 40px;\"><strong>E-mail:<\/strong>\u00a0 hello(kukac)marketingarchitect.hu<\/p>\n<p style=\"padding-left: 40px;\"><strong>Adatkezel\u0151 k\u00e9pvisel\u0151je: <\/strong>Kiss Vikt\u00f3ria, \u00fcgyvezet\u0151<\/p>\n<p style=\"padding-left: 40px;\"><strong>Adatv\u00e9delemmel kapcsolatban kijel\u00f6lt kapcsolattart\u00f3:<\/strong> Kiss Vikt\u00f3ria<\/p>\n<p>A rendszerben t\u00e1rolt szem\u00e9lyes adataival \u00e9s az adatkezel\u00e9ssel kapcsolatos b\u00e1rmely k\u00e9rd\u00e9s\u00e9t, k\u00e9r\u00e9s\u00e9t k\u00e9rj\u00fck, juttassa el az adatvedelem(kukac)marketingarchitect.hu e-mail c\u00edmre, illetve \u00edr\u00e1sban a 1024 Budapest, Ezredes utca 10. posta c\u00edmre. K\u00e9rj\u00fck, tartsa szem el\u0151tt, hogy szem\u00e9lyes adatai kezel\u00e9s\u00e9vel kapcsolatban csak abban az esetben \u00e1ll m\u00f3dunkban felvil\u00e1gos\u00edt\u00e1st adni, illetve int\u00e9zked\u00e9st tenni, ha szem\u00e9lyazonoss\u00e1g\u00e1t hitelt \u00e9rdeml\u0151en igazolta.<\/p>\n<p>&nbsp;<\/p>\n<ol start=\"4\">\n<li>A SZEM\u00c9LYES ADATOK K\u00d6RE, AZ ADATKEZEL\u00c9S C\u00c9LJA, JOGC\u00cdME \u00c9S ID\u0150TARTAMA<\/li>\n<\/ol>\n<p>Felh\u00edvjuk, a T\u00e1rsas\u00e1g r\u00e9sz\u00e9re adatk\u00f6zl\u0151k figyelm\u00e9t, hogy amennyiben nem saj\u00e1t szem\u00e9lyes adataikat adj\u00e1k meg, az adatk\u00f6zl\u0151 k\u00f6teless\u00e9ge az \u00e9rintett harmadik szem\u00e9ly hozz\u00e1j\u00e1rul\u00e1s\u00e1nak beszerz\u00e9se. El\u0151fordulhat, hogy az Adatkezel\u0151 a harmadik szem\u00e9llyel szem\u00e9lyes kapcsolatba nem ker\u00fcl, \u00edgy a jelen pontnak val\u00f3 megfelel\u00e9st az adatk\u00f6zl\u0151 k\u00f6teles biztos\u00edtani, \u00e9s a T\u00e1rsas\u00e1got ezzel \u00f6sszef\u00fcgg\u00e9sben felel\u0151ss\u00e9g nem terheli. Ett\u0151l f\u00fcggetlen\u00fcl, a T\u00e1rsas\u00e1g mindenkor jogosult ellen\u0151rizni, hogy valamely szem\u00e9lyes adat kezel\u00e9s\u00e9re a megfelel\u0151 jogalap rendelkez\u00e9sre \u00e1ll-e. A T\u00e1rsas\u00e1g minden t\u0151le telhet\u0151t megtesz annak \u00e9rdek\u00e9ben, hogy t\u00f6r\u00f6lj\u00f6n minden olyan szem\u00e9lyes adatot, amelyet jogosulatlanul bocs\u00e1tottak a rendelkez\u00e9s\u00e9re. A T\u00e1rsas\u00e1g biztos\u00edtja, hogy amennyiben ez a tudom\u00e1s\u00e1ra jut, ezen szem\u00e9lyes adat m\u00e1s sz\u00e1m\u00e1ra nem ker\u00fcl tov\u00e1bb\u00edt\u00e1sra, sem a T\u00e1rsas\u00e1g \u00e1ltal felhaszn\u00e1l\u00e1sra.<\/p>\n<p>&nbsp;<\/p>\n<p>4.1. E-MAILBEN, LEV\u00c9LBEN T\u00d6RT\u00c9N\u0150 INFORM\u00c1CI\u00d3 K\u00dcLD\u00c9S\u00c9VEL KAPCSOLATOS ADATKEZEL\u00c9S<\/p>\n<p><strong>\u00a0<\/strong><\/p>\n<p><strong>Az adatkezel\u00e9s c\u00e9lja:<br \/><\/strong>Az \u00e9rintettek a www.marketingarchitect.hu oldalon tal\u00e1lhat\u00f3 hello(kukac)marketingarchitect.hu email c\u00edmre \u00e9s a T\u00e1rsas\u00e1g sz\u00e9khely\u00e9re k\u00fcld\u00f6tt level\u00fckben inform\u00e1ci\u00f3kat k\u00e9rhetnek az Adatkezel\u0151t\u0151l. Az \u00e9rintettek adatait ennek megfelel\u0151en a T\u00e1rsas\u00e1g a r\u00e9sz\u00fckre t\u00f6rt\u00e9n\u0151 inform\u00e1ci\u00f3 k\u00fcld\u00e9se c\u00e9lj\u00e1b\u00f3l kezeli.<\/p>\n<p><strong>Az adatkezel\u00e9s jogalapja:<\/strong><\/p>\n<p>\u00c9rintett \u00f6nk\u00e9ntes hozz\u00e1j\u00e1rul\u00e1sa &#8211; \u2013 GDPR 6. cikk (1) bekezd\u00e9s a) pont<\/p>\n<p><strong>A kezelt szem\u00e9lyes adatok k\u00f6re:<\/strong><\/p>\n<ul>\n<li>Name<\/li>\n<li>Email-c\u00edm<\/li>\n<li>Postai lev\u00e9l eset\u00e9n postai c\u00edm<\/li>\n<li>Egy\u00e9b, az \u00e9rintett \u00e1ltal az emailben, illetve lev\u00e9lben megadott adatok<\/li>\n<\/ul>\n<p>&nbsp;<\/p>\n<p><strong>Az adatkezel\u00e9s id\u0151tartama:<\/strong><\/p>\n<p>Az \u00e9rintett hozz\u00e1j\u00e1rul\u00e1sa visszavon\u00e1s\u00e1ig (t\u00f6rl\u00e9si k\u00e9relm\u00e9ig), ennek hi\u00e1ny\u00e1ban a T\u00e1rsas\u00e1g az \u00e9rintettek szem\u00e9lyes adatait az e-mail, illetve a postai lev\u00e9l be\u00e9kez\u00e9s\u00e9t\u0151l sz\u00e1m\u00edtott legfeljebb egy \u00e9vig t\u00e1rolja. Jogi ig\u00e9nyek eset\u00e9n az Adatkezel\u0151 a szem\u00e9lyes adatokat a Ptk. 6:22. \u00a7 alapj\u00e1n \u00f6t \u00e9v m\u00falva t\u00f6rli. Ha az adatokat az Adatkezel\u0151 a Sz\u00e1mviteli t\u00f6rv\u00e9ny alapj\u00e1n k\u00f6teles meg\u0151rizni, akkor az adatokat az Adatkezel\u0151 a k\u00e9relem be\u00e9rkez\u00e9s\u00e9t k\u00f6vet\u0151 nyolc \u00e9v m\u00falva t\u00f6rli.<\/p>\n<ol start=\"5\">\n<li>EGY\u00c9B ADATKEZEL\u00c9SEK, PROFILALKOT\u00c1S<\/li>\n<\/ol>\n<p>E t\u00e1j\u00e9koztat\u00f3ban fel nem sorolt adatkezel\u00e9sekr\u0151l az adat felv\u00e9telekor adunk t\u00e1j\u00e9koztat\u00e1st. T\u00e1j\u00e9koztatjuk \u00fcgyfeleinket, hogy egyes hat\u00f3s\u00e1gok, k\u00f6zfeladatot ell\u00e1t\u00f3 szervek, b\u00edr\u00f3s\u00e1gok szem\u00e9lyes adatok k\u00f6zl\u00e9se c\u00e9lj\u00e1b\u00f3l megkereshetik a T\u00e1rsas\u00e1got. Az Adatkezel\u0151 e szervek r\u00e9sz\u00e9re \u2013 amennyiben az \u00e9rintett szerv a pontos c\u00e9lt \u00e9s az adatok k\u00f6r\u00e9t megjel\u00f6lte \u2013 szem\u00e9lyes adatot csak annyit \u00e9s olyan m\u00e9rt\u00e9kben ad ki, amely a megkeres\u00e9s c\u00e9lj\u00e1nak megval\u00f3s\u00edt\u00e1s\u00e1hoz elengedhetetlen\u00fcl sz\u00fcks\u00e9ges, \u00e9s amennyiben a megkeres\u00e9s teljes\u00edt\u00e9s\u00e9t jogszab\u00e1ly \u00edrja el\u0151.<\/p>\n<p>Az Adatkezel\u0151 nem v\u00e9gez profilalkot\u00e1st.<\/p>\n<p>&nbsp;<\/p>\n<p>[\/et_pb_text][\/et_pb_column][\/et_pb_row][et_pb_row module_id=&#8221;cookie&#8221; _builder_version=&#8221;4.9.2&#8243; _module_preset=&#8221;default&#8221; custom_margin=&#8221;||0px||false|false&#8221; custom_padding=&#8221;|0px|0px||false|false&#8221;][et_pb_column type=&#8221;4_4&#8243; _builder_version=&#8221;4.9.2&#8243; _module_preset=&#8221;default&#8221;][et_pb_text _builder_version=&#8221;4.9.2&#8243; _module_preset=&#8221;default&#8221; custom_margin=&#8221;11px||11px||true|false&#8221;]<\/p>\n<ol start=\"6\">\n<li>COOKIE-K (S\u00dcTIK)<\/li>\n<\/ol>\n<p>6.1. DEKLAR\u00c1CI\u00d3K<\/p>\n<p>Ez a weboldal s\u00fctiket haszn\u00e1l. S\u00fctiket haszn\u00e1lunk a tartalmak szem\u00e9lyre szab\u00e1s\u00e1hoz, k\u00f6z\u00f6ss\u00e9gi funkci\u00f3k biztos\u00edt\u00e1s\u00e1hoz, valamint weboldalforgalmunk elemz\u00e9s\u00e9hez. Ezen k\u00edv\u00fcl k\u00f6z\u00f6ss\u00e9gi m\u00e9dia-, hirdet\u0151- \u00e9s elemz\u0151 partnereinkkel megosztjuk az \u00d6n weboldalhaszn\u00e1latra vonatkoz\u00f3 adatait, akik kombin\u00e1lhatj\u00e1k az adatokat m\u00e1s olyan adatokkal, amelyeket \u00d6n adott meg sz\u00e1mukra vagy az \u00d6n \u00e1ltal haszn\u00e1lt m\u00e1s szolg\u00e1ltat\u00e1sokb\u00f3l gy\u0171jt\u00f6ttek.<\/p>\n<p>A s\u00fctik olyan kis sz\u00f6veges f\u00e1jlok, amelyeket egy weboldal felhaszn\u00e1lhat arra, hogy m\u00e9g hat\u00e9konyabb\u00e1 tegye a felhaszn\u00e1l\u00f3i \u00e9lm\u00e9nyt. A jogszab\u00e1lyok szerint a s\u00fctiket abban az esetben t\u00e1rolhatjuk az \u00d6n eszk\u00f6z\u00e9n, ha erre felt\u00e9tlen\u00fcl sz\u00fcks\u00e9g van a weboldalunk m\u0171k\u00f6d\u00e9se \u00e9rdek\u00e9ben. Minden egy\u00e9b t\u00edpus\u00fa s\u00fcti haszn\u00e1lat\u00e1hoz az \u00d6n enged\u00e9ly\u00e9re van sz\u00fcks\u00e9g\u00fcnk. Jelen weboldal k\u00fcl\u00f6nf\u00e9le s\u00fctiket haszn\u00e1l. A weboldalunkon megjelen\u0151 n\u00e9melyik s\u00fctit harmadik f\u00e9l szolg\u00e1ltat\u00f3ink helyezik.<\/p>\n<p>\u00d6n b\u00e1rmikor m\u00f3dos\u00edthatja vagy visszavonhatja weboldalunkon a S\u00fctinyilatkozathoz val\u00f3 hozz\u00e1j\u00e1rul\u00e1s\u00e1t.<\/p>\n<p>&nbsp;<\/p>\n<p>6.2. A S\u00dcTIK FELADATA<\/p>\n<ul>\n<li>inform\u00e1ci\u00f3kat gy\u0171jtenek a l\u00e1togat\u00f3kr\u00f3l \u00e9s eszk\u00f6zeikr\u0151l;<\/li>\n<li>megjegyzik a l\u00e1togat\u00f3k egy\u00e9ni be\u00e1ll\u00edt\u00e1sait, amelyek felhaszn\u00e1l\u00e1sra ker\u00fcl(het)nek pl. online tranzakci\u00f3k ig\u00e9nybev\u00e9telekor, \u00edgy nem kell \u00fajra beg\u00e9pelni \u0151ket;<\/li>\n<li>megk\u00f6nny\u00edtik a weboldal haszn\u00e1lat\u00e1t;<\/li>\n<li>min\u0151s\u00e9gi felhaszn\u00e1l\u00f3i \u00e9lm\u00e9nyt biztos\u00edtanak.<\/li>\n<\/ul>\n<p>A testreszabott kiszolg\u00e1l\u00e1s \u00e9rdek\u00e9ben a felhaszn\u00e1l\u00f3 sz\u00e1m\u00edt\u00f3g\u00e9p\u00e9n kis adatcsomagot, \u00fan. s\u00fctit (cookie) helyez el \u00e9s a k\u00e9s\u0151bbi l\u00e1togat\u00e1s sor\u00e1n olvas vissza. Ha a b\u00f6ng\u00e9sz\u0151 visszak\u00fcld egy kor\u00e1bban elmentett s\u00fctit, a s\u00fctit kezel\u0151 szolg\u00e1ltat\u00f3nak lehet\u0151s\u00e9ge van \u00f6sszekapcsolni a felhaszn\u00e1l\u00f3 aktu\u00e1lis l\u00e1togat\u00e1s\u00e1t a kor\u00e1bbiakkal, de kiz\u00e1r\u00f3lag a saj\u00e1t tartalma tekintet\u00e9ben.<\/p>\n<p>&nbsp;<\/p>\n<p>6.3. FELT\u00c9TLEN\u00dcL SZ\u00dcKS\u00c9GES, MUNKAMENET (SESSION) COOKIE-K<\/p>\n<p>Az elengedhetetlen s\u00fctik seg\u00edtenek haszn\u00e1lhat\u00f3v\u00e1 tenni a weboldalunkat az\u00e1ltal, hogy enged\u00e9lyeznek olyan alapvet\u0151 funkci\u00f3kat, mint az oldalon val\u00f3 navig\u00e1ci\u00f3 \u00e9s a weboldal biztons\u00e1gos ter\u00fcleteihez val\u00f3 hozz\u00e1f\u00e9r\u00e9s. A weboldal ezen s\u00fctik n\u00e9lk\u00fcl nem tud megfelel\u0151en m\u0171k\u00f6dni. C\u00e9ljuk, hogy a l\u00e1togat\u00f3k marad\u00e9ktalanul \u00e9s z\u00f6kken\u0151mentesen b\u00f6ng\u00e9szhess\u00e9k az Adatkezel\u0151 weboldal\u00e1t, haszn\u00e1lhass\u00e1k annak funkci\u00f3it, \u00e9s az ott el\u00e9rhet\u0151 szolg\u00e1ltat\u00e1sokat. Az ilyen t\u00edpus\u00fa s\u00fctik \u00e9rv\u00e9nyess\u00e9gi ideje a munkamenet (b\u00f6ng\u00e9sz\u00e9s) befejez\u00e9s\u00e9ig tart, a b\u00f6ng\u00e9sz\u0151 bez\u00e1r\u00e1s\u00e1val a s\u00fctik e fajt\u00e1ja automatikusan t\u00f6rl\u0151dik a sz\u00e1m\u00edt\u00f3g\u00e9pr\u0151l, illetve a b\u00f6ng\u00e9sz\u00e9sre haszn\u00e1lt m\u00e1s eszk\u00f6zr\u0151l.<\/p>\n<table width=\"0\">\n<thead>\n<tr>\n<td><strong>Name<\/strong><\/td>\n<td width=\"176\"><strong>Szolg\u00e1ltat\u00f3<\/strong><\/td>\n<td width=\"171\"><strong>C\u00e9l<\/strong><\/td>\n<td><strong>Lej\u00e1rat<\/strong><\/td>\n<td><strong>T\u00edpus<\/strong><\/td>\n<\/tr>\n<\/thead>\n<tbody>\n<tr>\n<td>_grecaptcha<\/td>\n<td width=\"176\">www.marketingarchitect.hu<\/td>\n<td width=\"171\">This cookie is used to distinguish between humans and bots. This is beneficial for the website, in order to make valid reports on the use of their website.<\/td>\n<td>Persistent<\/td>\n<td>HTML Local Storage<\/td>\n<\/tr>\n<tr>\n<td>_GRECAPTCHA<\/td>\n<td width=\"176\"><a href=\"https:\/\/policies.google.com\/privacy\">Google<\/a><\/td>\n<td width=\"171\">This cookie is used to distinguish between humans and bots. This is beneficial for the website, in order to make valid reports on the use of their website.<\/td>\n<td>179 nap<\/td>\n<td>HTTP Cookie<\/td>\n<\/tr>\n<tr>\n<td>CookieConsent<\/td>\n<td width=\"176\"><a href=\"https:\/\/www.cookiebot.com\/goto\/privacy-policy\/\">Cookiebot<\/a><\/td>\n<td width=\"171\">Stores the user&#8217;s cookie consent state for the current domain<\/td>\n<td>1 \u00e9v<\/td>\n<td>HTTP Cookie<\/td>\n<\/tr>\n<tr>\n<td>jStorage<\/td>\n<td width=\"176\">www.marketingarchitect.hu<\/td>\n<td width=\"171\">Registers a unique ID for the visitor in order for the website to recognize the visitor upon re-entry.<\/td>\n<td>Persistent<\/td>\n<td>HTML Local Storage<\/td>\n<\/tr>\n<tr>\n<td>rc::a<\/td>\n<td width=\"176\"><a href=\"https:\/\/policies.google.com\/privacy\">Google<\/a><\/td>\n<td width=\"171\">This cookie is used to distinguish between humans and bots. This is beneficial for the website, in order to make valid reports on the use of their website.<\/td>\n<td>Persistent<\/td>\n<td>HTML Local Storage<\/td>\n<\/tr>\n<tr>\n<td>rc::b<\/td>\n<td width=\"176\"><a href=\"https:\/\/policies.google.com\/privacy\">Google<\/a><\/td>\n<td width=\"171\">This cookie is used to distinguish between humans and bots.<\/td>\n<td>Session<\/td>\n<td>HTML Local Storage<\/td>\n<\/tr>\n<tr>\n<td>rc::c<\/td>\n<td width=\"176\"><a href=\"https:\/\/policies.google.com\/privacy\">Google<\/a><\/td>\n<td width=\"171\">This cookie is used to distinguish between humans and bots.<\/td>\n<td>Session<\/td>\n<td>HTML Local Storage<\/td>\n<\/tr>\n<\/tbody>\n<\/table>\n<p>&nbsp;<\/p>\n<p>6.4. HARMADIK F\u00c9L \u00c1LTAL ELHELYEZETT COOKIE-K<\/p>\n<p>6.4.1. Statisztikai<\/p>\n<p>Az adatok n\u00e9vtelen form\u00e1ban val\u00f3 gy\u0171jt\u00e9s\u00e9n \u00e9s jelent\u00e9s\u00e9n kereszt\u00fcl a statisztikai s\u00fctik seg\u00edtenek a T\u00e1rsas\u00e1gnak abban, hogy meg\u00e9rtse, hogyan l\u00e9pnek interakci\u00f3ba a l\u00e1togat\u00f3k a weboldallal. Ilyenek a Google Analytics \u00e9s a Google Tag Manager s\u00fctijei, mint harmadik f\u00e9l is. A T\u00e1rsas\u00e1g az adatokat a honlap fejleszt\u00e9s\u00e9nek \u00e9s a felhaszn\u00e1l\u00f3i \u00e9lm\u00e9ny jav\u00edt\u00e1s\u00e1nak c\u00e9lj\u00e1val haszn\u00e1lja fel. Ezen s\u00fctik a lej\u00e1ratukig a l\u00e1togat\u00f3 sz\u00e1m\u00edt\u00f3g\u00e9p\u00e9n vagy b\u00f6ng\u00e9sz\u00e9sre haszn\u00e1lt m\u00e1s eszk\u00f6z\u00e9n, annak b\u00f6ng\u00e9sz\u0151j\u00e9ben maradnak, illetve am\u00edg a l\u00e1togat\u00f3 nem t\u00f6rli \u0151ket.<\/p>\n<p>6.4.2. Marketing<\/p>\n<p>A marketings\u00fctiket a T\u00e1rsas\u00e1g l\u00e1togat\u00f3k weboldal-tev\u00e9kenys\u00e9g\u00e9nek nyomon k\u00f6vet\u00e9s\u00e9re haszn\u00e1lhatja. A T\u00e1rsas\u00e1g a <a href=\"https:\/\/www.marketingarchitect.hu\/en\/\">www.marketingarchitect.hu<\/a> oldalon nem haszn\u00e1l marketing s\u00fctiket.<\/p>\n<p>&nbsp;<\/p>\n<ol start=\"7\">\n<li>A SZEM\u00c9LYES ADATOK T\u00c1ROL\u00c1S\u00c1NAK M\u00d3DJA, AZ ADATKEZEL\u00c9S BIZTONS\u00c1GA, A SZEM\u00c9LYES ADATOKHOZ HOZZ\u00c1F\u00c9R\u0150 SZEM\u00c9LYEK<\/li>\n<\/ol>\n<p>Az Adatkezel\u0151 sz\u00e1m\u00edt\u00e1stechnikai rendszerei \u00e9s m\u00e1s adatmeg\u0151rz\u00e9si helyei a sz\u00e9khelyen \u00e9s az Adatkezel\u0151 adatfeldolgoz\u00f3ja \u00e1ltal biztos\u00edtott szervereken tal\u00e1lhat\u00f3k meg. Az Adatkezel\u0151 a szem\u00e9lyes adatok kezel\u00e9s\u00e9hez a szolg\u00e1ltat\u00e1s ny\u00fajt\u00e1sa sor\u00e1n alkalmazott informatikai eszk\u00f6z\u00f6ket \u00fagy v\u00e1lasztja meg \u00e9s \u00fczemelteti, hogy a kezelt adat:<\/p>\n<p style=\"padding-left: 40px;\">a) az arra feljogos\u00edtottak sz\u00e1m\u00e1ra hozz\u00e1f\u00e9rhet\u0151 (rendelkez\u00e9sre \u00e1ll\u00e1s);<\/p>\n<p style=\"padding-left: 40px;\">b) hiteless\u00e9ge \u00e9s hiteles\u00edt\u00e9se biztos\u00edtott (adatkezel\u00e9s hiteless\u00e9ge);<\/p>\n<p style=\"padding-left: 40px;\">c) v\u00e1ltozatlans\u00e1ga igazolhat\u00f3 (adatintegrit\u00e1s);<\/p>\n<p style=\"padding-left: 40px;\">d) a jogosulatlan hozz\u00e1f\u00e9r\u00e9s ellen v\u00e9dett (adat bizalmass\u00e1ga) legyen.<\/p>\n<p>A T\u00e1rsas\u00e1g k\u00fcl\u00f6n\u00f6s gondoss\u00e1ggal figyel az adatok biztons\u00e1g\u00e1ra, megteszi tov\u00e1bb\u00e1 azokat a technikai int\u00e9zked\u00e9seket, amelyek a GDPR szerinti garanci\u00e1k \u00e9rv\u00e9nyre juttat\u00e1s\u00e1hoz sz\u00fcks\u00e9gesek. Az adatokat megfelel\u0151 int\u00e9zked\u00e9sekkel v\u00e9di k\u00fcl\u00f6n\u00f6sen a jogosulatlan hozz\u00e1f\u00e9r\u00e9s, megv\u00e1ltoztat\u00e1s, tov\u00e1bb\u00edt\u00e1s, nyilv\u00e1noss\u00e1gra hozatal, t\u00f6rl\u00e9s vagy megsemmis\u00edt\u00e9s, valamint a v\u00e9letlen megsemmis\u00fcl\u00e9s, s\u00e9r\u00fcl\u00e9s, tov\u00e1bb\u00e1 az alkalmazott technika megv\u00e1ltoz\u00e1s\u00e1b\u00f3l fakad\u00f3 hozz\u00e1f\u00e9rhetetlenn\u00e9 v\u00e1l\u00e1s ellen.<\/p>\n<p>A fentieknek megfelel\u0151en az Adatkezel\u0151 a fel\u00fcgyelete al\u00e1 tartoz\u00f3, digit\u00e1lisan kezelt adatok feldolgoz\u00e1s\u00e1ra, kezel\u00e9s\u00e9re szolg\u00e1l\u00f3 rendszerhez t\u00f6rt\u00e9n\u0151 hozz\u00e1f\u00e9r\u00e9sre haszn\u00e1lhat\u00f3 informatikai eszk\u00f6z\u00f6k mindegyik\u00e9n els\u0151sorban azonos\u00edt\u00e1s \u00e9s hiteles\u00edt\u00e9s alkalmaz\u00e1s\u00e1val (jelszavas v\u00e9delem), naprak\u00e9sz v\u00edrusv\u00e9delmi rendszer \u00fczemeltet\u00e9s\u00e9vel \u00e9s a gy\u00e1rt\u00f3k \u00e1ltal kiadott szoftver biztons\u00e1gi friss\u00edt\u00e9sek automatikus telep\u00edt\u00e9s\u00e9vel, tov\u00e1bb\u00e1 rendszeres biztons\u00e1gi ment\u00e9sek elv\u00e9gz\u00e9s\u00e9vel biztos\u00edtja a kezelt adatok bizalmass\u00e1g\u00e1nak, s\u00e9rtetlens\u00e9g\u00e9nek \u00e9s rendelkez\u00e9sre \u00e1ll\u00e1s\u00e1nak v\u00e9delm\u00e9t.<\/p>\n<p>Az adatokhoz a T\u00e1rsas\u00e1g adatv\u00e9delemmel kapcsolatban kijel\u00f6lt kapcsolattart\u00f3ja f\u00e9rhet hozz\u00e1 feladatai ell\u00e1t\u00e1sa \u00e9rdek\u00e9ben.<\/p>\n<p>[\/et_pb_text][\/et_pb_column][\/et_pb_row][et_pb_row _builder_version=&#8221;4.9.2&#8243; _module_preset=&#8221;default&#8221;][et_pb_column type=&#8221;4_4&#8243; _builder_version=&#8221;4.9.2&#8243; _module_preset=&#8221;default&#8221;][et_pb_code _builder_version=&#8221;4.9.2&#8243; _module_preset=&#8221;default&#8221;]<input id=\"csconsentcheckbox\" type=\"checkbox\"><!-- [et_pb_line_break_holder] --><label for=\"csconsentcheckbox\">Elfogadom a Cookie-kat.<\/label>[\/et_pb_code][\/et_pb_column][\/et_pb_row][et_pb_row _builder_version=&#8221;4.9.2&#8243; _module_preset=&#8221;default&#8221; custom_margin=&#8221;||||false|false&#8221; custom_padding=&#8221;|0px|0px||false|false&#8221;][et_pb_column type=&#8221;4_4&#8243; _builder_version=&#8221;4.9.2&#8243; _module_preset=&#8221;default&#8221;][et_pb_text _builder_version=&#8221;4.9.2&#8243; _module_preset=&#8221;default&#8221; custom_margin=&#8221;11px||11px||true|false&#8221;]<\/p>\n<ol start=\"8\">\n<li>ADATFELDOLGOZ\u00c1S<\/li>\n<\/ol>\n<p>Az Adatkezel\u0151 a jelen t\u00e1j\u00e9koztat\u00f3 szerinti adatkezel\u00e9si tev\u00e9kenys\u00e9ge ell\u00e1t\u00e1s\u00e1hoz k\u00fcls\u0151 adatfeldolgoz\u00f3t a weboldal t\u00e1rhelyszolg\u00e1ltat\u00f3j\u00e1n t\u00fal nem vesz ig\u00e9nybe.<\/p>\n<p><strong>A t\u00e1rhelyszolg\u00e1ltat\u00f3:<\/strong><\/p>\n<ul>\n<li style=\"list-style-type: none;\">\n<ul>\n<li>T\u00e1rhely.eu KFT.<\/li>\n<li>1144 Budapest, Orm\u00e1ns\u00e1g utca 4.<\/li>\n<\/ul>\n<\/li>\n<\/ul>\n<p>Az adatfeldolgoz\u00f3val az adatkezel\u0151 kapcsolat\u00e1t a GDPR 28. cikk\u00e9nek megfelel\u0151 szerz\u0151d\u00e9s szab\u00e1lyozza.<\/p>\n<p><strong>Adatfeldolgoz\u00e1s c\u00e9lja:<\/strong><\/p>\n<p>A T\u00e1rsas\u00e1g weboldal\u00e1nak t\u00e1rhelyszolg\u00e1ltat\u00e1sa, melynek keret\u00e9ben a tev\u00e9kenys\u00e9g ell\u00e1t\u00e1sa sor\u00e1n \u00e9s kiz\u00e1r\u00f3lag az ahhoz sz\u00fcks\u00e9ges m\u00e9rt\u00e9kben a szolg\u00e1ltat\u00f3 eseti jelleggel hozz\u00e1f\u00e9rhet a jelen t\u00e1j\u00e9koztat\u00f3 szerinti szem\u00e9lyes adatok el\u00e9r\u00e9si \u00fatj\u00e1hoz.<\/p>\n<ol start=\"9\">\n<li>AZ \u00c9RINTETTEK JOGAI, JOGORVOSLATI LEHET\u0150S\u00c9GEK<\/li>\n<\/ol>\n<p>Az \u00e9rintett jogai \u00e9s jogorvoslati lehet\u0151s\u00e9gei az Info tv. \u00e9s a GDPR alapj\u00e1n az al\u00e1bbiakban ker\u00fclnek meghat\u00e1roz\u00e1sra.<\/p>\n<p>Az \u00e9rintett jogosult arra, hogy az Adatkezel\u0151 \u00e9s az annak megb\u00edz\u00e1s\u00e1b\u00f3l vagy rendelkez\u00e9se alapj\u00e1n elj\u00e1r\u00f3 adatfeldolgoz\u00f3 \u00e1ltal kezelt szem\u00e9lyes adatai vonatkoz\u00e1s\u00e1ban az Info tv.-ben \u00e9s a GDPR-ban meghat\u00e1rozott felt\u00e9telek szerint:<\/p>\n<p style=\"padding-left: 40px;\">a) az adatkezel\u00e9ssel \u00f6sszef\u00fcgg\u0151 t\u00e9nyekr\u0151l az adatkezel\u00e9s megkezd\u00e9s\u00e9t megel\u0151z\u0151en t\u00e1j\u00e9koztat\u00e1st kapjon (a tov\u00e1bbiakban: el\u0151zetes t\u00e1j\u00e9koz\u00f3d\u00e1shoz val\u00f3 jog),<\/p>\n<p style=\"padding-left: 40px;\">b) k\u00e9relm\u00e9re szem\u00e9lyes adatait \u00e9s az azok kezel\u00e9s\u00e9vel \u00f6sszef\u00fcgg\u0151 inform\u00e1ci\u00f3kat az Adatkezel\u0151 a rendelkez\u00e9s\u00e9re bocs\u00e1ssa (a tov\u00e1bbiakban: hozz\u00e1f\u00e9r\u00e9shez val\u00f3 jog),<\/p>\n<p style=\"padding-left: 40px;\">c) k\u00e9relm\u00e9re, valamint az e fejezetben meghat\u00e1rozott tov\u00e1bbi esetekben szem\u00e9lyes adatait az Adatkezel\u0151 helyesb\u00edtse, illetve kieg\u00e9sz\u00edtse (a tov\u00e1bbiakban: helyesb\u00edt\u00e9shez val\u00f3 jog),<\/p>\n<p style=\"padding-left: 40px;\">d) k\u00e9relm\u00e9re szem\u00e9lyes adatai kezel\u00e9s\u00e9t az Adatkezel\u0151 korl\u00e1tozza (a tov\u00e1bbiakban: az adatkezel\u00e9s korl\u00e1toz\u00e1s\u00e1hoz val\u00f3 jog),<\/p>\n<p style=\"padding-left: 40px;\">e) k\u00e9relm\u00e9re szem\u00e9lyes adatait az Adatkezel\u0151 t\u00f6r\u00f6lje (a tov\u00e1bbiakban: t\u00f6rl\u00e9shez val\u00f3 jog).<\/p>\n<p>&nbsp;<\/p>\n<p><strong>Az el\u0151zetes t\u00e1j\u00e9koz\u00f3d\u00e1shoz val\u00f3 jog:<\/strong><\/p>\n<p>Az el\u0151zetes t\u00e1j\u00e9koz\u00f3d\u00e1shoz val\u00f3 jog \u00e9rv\u00e9nyes\u00fcl\u00e9se \u00e9rdek\u00e9ben az Adatkezel\u0151 az \u00e9rintett rendelkez\u00e9s\u00e9re bocs\u00e1tja:<\/p>\n<p style=\"padding-left: 40px;\">a) az Adatkezel\u0151 \u00e9s &#8211; ha valamely adatkezel\u00e9si m\u0171veletet adatfeldolgoz\u00f3 v\u00e9gez, az adatfeldolgoz\u00f3 &#8211; megnevez\u00e9s\u00e9t \u00e9s el\u00e9rhet\u0151s\u00e9geit,<\/p>\n<p style=\"padding-left: 40px;\">b) a tervezett adatkezel\u00e9s c\u00e9lj\u00e1t \u00e9s<\/p>\n<p style=\"padding-left: 40px;\">c) az \u00e9rintettet az Info tv. \u00e9s a GDPR alapj\u00e1n megillet\u0151 jogok, valamint azok \u00e9rv\u00e9nyes\u00edt\u00e9se m\u00f3dj\u00e1nak ismertet\u00e9s\u00e9t.\u00a0<\/p>\n<p>A fentieken t\u00fal az Adatkezel\u0151 az \u00e9rintett sz\u00e1m\u00e1ra t\u00e1j\u00e9koztat\u00e1st ny\u00fajt<\/p>\n<p style=\"padding-left: 40px;\">a) az adatkezel\u00e9s jogalapj\u00e1r\u00f3l,<\/p>\n<p style=\"padding-left: 40px;\">b) a kezelt szem\u00e9lyes adatok meg\u0151rz\u00e9s\u00e9nek id\u0151tartam\u00e1r\u00f3l, ezen id\u0151tartam meghat\u00e1roz\u00e1s\u00e1nak szempontjair\u00f3l,<\/p>\n<p style=\"padding-left: 40px;\">c) a kezelt szem\u00e9lyes adatok tov\u00e1bb\u00edt\u00e1sa vagy tervezett tov\u00e1bb\u00edt\u00e1sa eset\u00e9n az adattov\u00e1bb\u00edt\u00e1s c\u00edmzettjeinek &#8211; ide\u00e9rtve a harmadik orsz\u00e1gbeli c\u00edmzetteket \u00e9s nemzetk\u00f6zi szervezeteket &#8211; k\u00f6r\u00e9r\u0151l,<\/p>\n<p style=\"padding-left: 40px;\">d) a kezelt szem\u00e9lyes adatok gy\u0171jt\u00e9s\u00e9nek forr\u00e1s\u00e1r\u00f3l \u00e9s<\/p>\n<p style=\"padding-left: 40px;\">e) az adatkezel\u00e9s k\u00f6r\u00fclm\u00e9nyeivel \u00f6sszef\u00fcgg\u0151 minden tov\u00e1bbi \u00e9rdemi t\u00e9nyr\u0151l.<\/p>\n<p>&nbsp;<\/p>\n<p><strong>A hozz\u00e1f\u00e9r\u00e9shez val\u00f3 jog:<\/strong><\/p>\n<p>A hozz\u00e1f\u00e9r\u00e9shez val\u00f3 jog \u00e9rv\u00e9nyes\u00fcl\u00e9se \u00e9rdek\u00e9ben az \u00e9rintettet k\u00e9relm\u00e9re az Adatkezel\u0151 t\u00e1j\u00e9koztatja arr\u00f3l, hogy szem\u00e9lyes adatait maga az Adatkezel\u0151, illetve a megb\u00edz\u00e1s\u00e1b\u00f3l vagy rendelkez\u00e9se alapj\u00e1n elj\u00e1r\u00f3 adatfeldolgoz\u00f3 kezeli-e. Ha az \u00e9rintett szem\u00e9lyes adatait az Adatkezel\u0151 vagy a megb\u00edz\u00e1s\u00e1b\u00f3l vagy rendelkez\u00e9se alapj\u00e1n elj\u00e1r\u00f3 adatfeldolgoz\u00f3 kezeli, az Adatkezel\u0151 az \u00e9rintett rendelkez\u00e9s\u00e9re bocs\u00e1tja az \u00e9rintett \u00e1ltala \u00e9s a megb\u00edz\u00e1s\u00e1b\u00f3l vagy rendelkez\u00e9se alapj\u00e1n elj\u00e1r\u00f3 adatfeldolgoz\u00f3 \u00e1ltal kezelt szem\u00e9lyes adatait, \u00e9s k\u00f6zli vele<\/p>\n<p style=\"padding-left: 40px;\">a) a kezelt szem\u00e9lyes adatok forr\u00e1s\u00e1t,<\/p>\n<p style=\"padding-left: 40px;\">b) az adatkezel\u00e9s c\u00e9lj\u00e1t \u00e9s jogalapj\u00e1t,<\/p>\n<p style=\"padding-left: 40px;\">c) a kezelt szem\u00e9lyes adatok k\u00f6r\u00e9t,<\/p>\n<p style=\"padding-left: 40px;\">d) a kezelt szem\u00e9lyes adatok tov\u00e1bb\u00edt\u00e1sa eset\u00e9n az adattov\u00e1bb\u00edt\u00e1s c\u00edmzettjeinek &#8211; ide\u00e9rtve a harmadik orsz\u00e1gbeli c\u00edmzetteket \u00e9s nemzetk\u00f6zi szervezeteket &#8211; k\u00f6r\u00e9t,<\/p>\n<p style=\"padding-left: 40px;\">e) a kezelt szem\u00e9lyes adatok meg\u0151rz\u00e9s\u00e9nek id\u0151tartam\u00e1t, ezen id\u0151tartam meghat\u00e1roz\u00e1s\u00e1nak szempontjait,<\/p>\n<p style=\"padding-left: 40px;\">f) az \u00e9rintettet az Info tv. \u00e9s a GDPR alapj\u00e1n megillet\u0151 jogok, valamint azok \u00e9rv\u00e9nyes\u00edt\u00e9se m\u00f3dj\u00e1nak ismertet\u00e9s\u00e9t,<\/p>\n<p style=\"padding-left: 40px;\">g) profilalkot\u00e1s alkalmaz\u00e1s\u00e1nak eset\u00e9n annak t\u00e9ny\u00e9t \u00e9s<\/p>\n<p style=\"padding-left: 40px;\">h) az \u00e9rintett szem\u00e9lyes adatainak kezel\u00e9s\u00e9vel \u00f6sszef\u00fcgg\u00e9sben felmer\u00fclt adatv\u00e9delmi incidensek bek\u00f6vetkez\u00e9s\u00e9nek k\u00f6r\u00fclm\u00e9nyeit, azok hat\u00e1sait \u00e9s az azok kezel\u00e9s\u00e9re tett int\u00e9zked\u00e9seket.<\/p>\n<p>&nbsp;<\/p>\n<p>Adatkezel\u0151 felh\u00edvja az \u00e9rintettek figyelm\u00e9t, hogy az \u00e9rintett el\u0151zetes t\u00e1j\u00e9koz\u00f3d\u00e1shoz \u00e9s hozz\u00e1f\u00e9r\u00e9shez val\u00f3 jog\u00e1nak \u00e9rv\u00e9nyes\u00edt\u00e9s\u00e9t az el\u00e9rni k\u00edv\u00e1nt c\u00e9llal ar\u00e1nyosan az Adatkezel\u0151 k\u00e9sleltetheti, a t\u00e1j\u00e9koztat\u00e1s tartalm\u00e1t korl\u00e1tozhatja vagy a t\u00e1j\u00e9koztat\u00e1st mell\u0151zheti, ha ezen int\u00e9zked\u00e9se elengedhetetlen\u00fcl sz\u00fcks\u00e9ges<\/p>\n<p style=\"padding-left: 40px;\">a) az \u00e1ltala vagy r\u00e9szv\u00e9tel\u00e9vel v\u00e9gzett vizsg\u00e1latok vagy elj\u00e1r\u00e1sok &#8211; \u00edgy k\u00fcl\u00f6n\u00f6sen a b\u00fcntet\u0151elj\u00e1r\u00e1s &#8211; hat\u00e9kony \u00e9s eredm\u00e9nyes lefolytat\u00e1s\u00e1nak,<\/p>\n<p style=\"padding-left: 40px;\">b) a b\u0171ncselekm\u00e9nyek hat\u00e9kony \u00e9s eredm\u00e9nyes megel\u0151z\u00e9s\u00e9nek \u00e9s felder\u00edt\u00e9s\u00e9nek,<\/p>\n<p style=\"padding-left: 40px;\">c) a b\u0171ncselekm\u00e9nyek elk\u00f6vet\u0151ivel szemben alkalmazott b\u00fcntet\u00e9sek \u00e9s int\u00e9zked\u00e9sek v\u00e9grehajt\u00e1s\u00e1nak,<\/p>\n<p style=\"padding-left: 40px;\">d) a k\u00f6zbiztons\u00e1g hat\u00e9kony \u00e9s eredm\u00e9nyes v\u00e9delm\u00e9nek,<\/p>\n<p style=\"padding-left: 40px;\">e) az \u00e1llam k\u00fcls\u0151 \u00e9s bels\u0151 biztons\u00e1ga hat\u00e9kony \u00e9s eredm\u00e9nyes v\u00e9delm\u00e9nek, \u00edgy k\u00fcl\u00f6n\u00f6sen a honv\u00e9delem \u00e9s a nemzetbiztons\u00e1g vagy<\/p>\n<p style=\"padding-left: 40px;\">f) harmadik szem\u00e9lyek alapvet\u0151 jogai v\u00e9delm\u00e9nek biztos\u00edt\u00e1s\u00e1hoz.<\/p>\n<p>&nbsp;<\/p>\n<p>[\/et_pb_text][\/et_pb_column][\/et_pb_row][et_pb_row _builder_version=&#8221;4.9.2&#8243; _module_preset=&#8221;default&#8221; custom_margin=&#8221;||||false|false&#8221; custom_padding=&#8221;|0px|0px||false|false&#8221;][et_pb_column type=&#8221;4_4&#8243; _builder_version=&#8221;4.9.2&#8243; _module_preset=&#8221;default&#8221;][et_pb_text _builder_version=&#8221;4.9.2&#8243; _module_preset=&#8221;default&#8221; custom_margin=&#8221;11px||11px||true|false&#8221;]<\/p>\n<p><strong>A helyesb\u00edt\u00e9shez val\u00f3 joga:<\/strong><\/p>\n<p>Az \u00e9rintett jogosult arra, hogy k\u00e9r\u00e9s\u00e9re az Adatkezel\u0151 indokolatlan k\u00e9sedelem n\u00e9lk\u00fcl helyesb\u00edtse a r\u00e1 vonatkoz\u00f3 pontatlan szem\u00e9lyes adatokat. Figyelembe v\u00e9ve az adatkezel\u00e9s c\u00e9lj\u00e1t, az \u00e9rintett jogosult arra, hogy k\u00e9rje a hi\u00e1nyos szem\u00e9lyes adatok \u2013 egyebek mellett kieg\u00e9sz\u00edt\u0151 nyilatkozat \u00fatj\u00e1n t\u00f6rt\u00e9n\u0151 \u2013 kieg\u00e9sz\u00edt\u00e9s\u00e9t. Ugyanakkor, ha a szem\u00e9lyes adat a val\u00f3s\u00e1gnak nem felel meg, \u00e9s a val\u00f3s\u00e1gnak megfelel\u0151 szem\u00e9lyes adat az Adatkezel\u0151 rendelkez\u00e9s\u00e9re \u00e1ll, a szem\u00e9lyes adatot az Adatkezel\u0151 k\u00f6telez\u0151en helyesb\u00edti, az \u00e9rintett k\u00e9r\u00e9se n\u00e9lk\u00fcl is.<\/p>\n<p>&nbsp;<\/p>\n<p><strong>A t\u00f6rl\u00e9shez (elfeledtet\u00e9shez) val\u00f3 joga:<\/strong><\/p>\n<p>A t\u00f6rl\u00e9shez val\u00f3 jog, vagy m\u00e1s n\u00e9ven az \u201eelfeledtet\u00e9shez val\u00f3 jog\u201d: Az \u00e9rintett jogosult arra, hogy k\u00e9r\u00e9s\u00e9re az Adatkezel\u0151 indokolatlan k\u00e9sedelem n\u00e9lk\u00fcl t\u00f6r\u00f6lje a r\u00e1 vonatkoz\u00f3 szem\u00e9lyes adatokat, az Adatkezel\u0151 pedig k\u00f6teles arra, hogy az \u00e9rintettre vonatkoz\u00f3 szem\u00e9lyes adatokat indokolatlan k\u00e9sedelem n\u00e9lk\u00fcl t\u00f6r\u00f6lje, ha:<\/p>\n<ul>\n<li style=\"list-style-type: none;\">\n<ul>\n<li>az adat kezel\u00e9se jogellenes, \u00edgy k\u00fcl\u00f6n\u00f6sen, ha az adatkezel\u00e9s a vonatkoz\u00f3 alapelvekkel ellent\u00e9tes, vagy ha c\u00e9lja megsz\u0171nt, vagy az adatok tov\u00e1bbi kezel\u00e9se m\u00e1r nem sz\u00fcks\u00e9ges az adatkezel\u00e9s c\u00e9lj\u00e1nak megval\u00f3sul\u00e1s\u00e1hoz, vagy t\u00f6rv\u00e9nyben, nemzetk\u00f6zi szerz\u0151d\u00e9sben vagy az Eur\u00f3pai Uni\u00f3 k\u00f6telez\u0151 jogi aktus\u00e1ban meghat\u00e1rozott id\u0151tartama eltelt, vagy jogalapja megsz\u0171nt \u00e9s az adatok kezel\u00e9s\u00e9nek nincs m\u00e1sik jogalapja;<\/li>\n<li>az \u00e9rintett az adatkezel\u00e9shez adott hozz\u00e1j\u00e1rul\u00e1s\u00e1t visszavonja \u00e9s az adatkezel\u00e9snek nincs m\u00e1s jogalapja, vagy szem\u00e9lyes adatainak t\u00f6rl\u00e9s\u00e9t k\u00e9relmezi, kiv\u00e9ve a k\u00f6telez\u0151 adatkezel\u00e9st;<\/li>\n<li>az adatok t\u00f6rl\u00e9s\u00e9t jogszab\u00e1ly, az Eur\u00f3pai Uni\u00f3 jogi aktusa, a Nemzeti Adatv\u00e9delmi \u00e9s Inform\u00e1ci\u00f3szabads\u00e1g Hat\u00f3s\u00e1g vagy a b\u00edr\u00f3s\u00e1g elrendelte, vagy<\/li>\n<li>a szem\u00e9lyes adatokra m\u00e1r nincs sz\u00fcks\u00e9g abb\u00f3l a c\u00e9lb\u00f3l, amelyb\u0151l azokat gy\u0171jt\u00f6tt\u00e9k vagy m\u00e1s m\u00f3don kezelt\u00e9k;<\/li>\n<li>az \u00e9rintett tiltakozik az adatkezel\u00e9s ellen \u00e9s nincsen els\u0151bbs\u00e9get \u00e9lvez\u0151 jogszer\u0171 ok az adatkezel\u00e9sre;<\/li>\n<li>a szem\u00e9lyes adatok gy\u0171jt\u00e9s\u00e9re a GDPR 8. cikk (1) bekezd\u00e9s\u00e9ben eml\u00edtett, k\u00f6zvetlen\u00fcl gyermekeknek k\u00edn\u00e1lt, inform\u00e1ci\u00f3s t\u00e1rsadalommal \u00f6sszef\u00fcgg\u0151 szolg\u00e1ltat\u00e1sok k\u00edn\u00e1l\u00e1s\u00e1val kapcsolatosan ker\u00fclt sor.<\/li>\n<\/ul>\n<\/li>\n<\/ul>\n<p>Abban az esetben, ha az Adatkezel\u0151 valamely okb\u00f3l nyilv\u00e1noss\u00e1gra hozta a szem\u00e9lyes adatot, \u00e9s azt a fentiek \u00e9rtelm\u00e9ben t\u00f6r\u00f6lni k\u00f6teles, az el\u00e9rhet\u0151 technol\u00f3gia \u00e9s a megval\u00f3s\u00edt\u00e1s k\u00f6lts\u00e9geinek figyelembev\u00e9tel\u00e9vel megteszi az \u00e9szszer\u0171en elv\u00e1rhat\u00f3 l\u00e9p\u00e9seket \u2013 ide\u00e9rtve technikai int\u00e9zked\u00e9seket \u2013 annak \u00e9rdek\u00e9ben, hogy t\u00e1j\u00e9koztassa az adatokat kezel\u0151 m\u00e1s adatkezel\u0151ket, hogy az \u00e9rintett k\u00e9relmezte a sz\u00f3ban forg\u00f3 szem\u00e9lyes adatokra mutat\u00f3 linkek vagy e szem\u00e9lyes adatok m\u00e1solat\u00e1nak, illetve m\u00e1sodp\u00e9ld\u00e1ny\u00e1nak t\u00f6rl\u00e9s\u00e9t.\u00a0<\/p>\n<p>Az Adatkezel\u0151 felh\u00edvja az \u00e9rintettek figyelm\u00e9t a t\u00f6rl\u00e9shez vagy az \u201eelfeledtet\u00e9shez val\u00f3 jog\u201d GDPR-b\u00f3l fakad\u00f3 korl\u00e1tjaira, amelyek a k\u00f6vetkez\u0151k:<\/p>\n<p style=\"padding-left: 40px;\">a) a v\u00e9lem\u00e9nynyilv\u00e1n\u00edt\u00e1s szabads\u00e1g\u00e1hoz \u00e9s a t\u00e1j\u00e9koz\u00f3d\u00e1shoz val\u00f3 jog gyakorl\u00e1sa;<\/p>\n<p style=\"padding-left: 40px;\">b) a szem\u00e9lyes adatok kezel\u00e9s\u00e9t el\u0151\u00edr\u00f3, az Adatkezel\u0151re alkalmazand\u00f3 uni\u00f3s vagy tag\u00e1llami jog szerinti k\u00f6telezetts\u00e9g teljes\u00edt\u00e9se, illetve k\u00f6z\u00e9rdekb\u0151l vagy az adatkezel\u0151re ruh\u00e1zott k\u00f6zhatalmi jogos\u00edtv\u00e1ny gyakorl\u00e1sa keret\u00e9ben v\u00e9gzett feladat v\u00e9grehajt\u00e1sa;<\/p>\n<p style=\"padding-left: 40px;\">c) n\u00e9peg\u00e9szs\u00e9g\u00fcgy ter\u00fclet\u00e9t \u00e9rint\u0151 k\u00f6z\u00e9rdek;<\/p>\n<p style=\"padding-left: 40px;\">d) a GDPR 89. cikk (1) bekezd\u00e9s\u00e9vel \u00f6sszhangban a k\u00f6z\u00e9rdek\u0171 archiv\u00e1l\u00e1s c\u00e9lj\u00e1b\u00f3l, tudom\u00e1nyos \u00e9s t\u00f6rt\u00e9nelmi kutat\u00e1si c\u00e9lb\u00f3l vagy statisztikai c\u00e9lb\u00f3l, amennyiben a t\u00f6rl\u00e9shez val\u00f3 jog val\u00f3sz\u00edn\u0171s\u00edthet\u0151en lehetetlenn\u00e9 tenn\u00e9 vagy komolyan vesz\u00e9lyeztetn\u00e9 ezt az adatkezel\u00e9st; vagy<\/p>\n<p style=\"padding-left: 40px;\">e) jogi ig\u00e9nyek el\u0151terjeszt\u00e9se, \u00e9rv\u00e9nyes\u00edt\u00e9se, illetve v\u00e9delme.<\/p>\n<p style=\"padding-left: 40px;\">\n<p><strong><\/strong><\/p>\n<p><strong>Az adatkezel\u00e9s korl\u00e1toz\u00e1s\u00e1hoz, z\u00e1rol\u00e1shoz val\u00f3 jog:<\/strong>\u00a0<\/p>\n<p>A GDPR alapj\u00e1n az \u00e9rintett k\u00e9rheti, hogy az adatkezel\u0151 korl\u00e1tozza az adatkezel\u00e9st, ha<\/p>\n<p style=\"padding-left: 40px;\">a) az \u00e9rintett vitatja a szem\u00e9lyes adatok pontoss\u00e1g\u00e1t, ez esetben a korl\u00e1toz\u00e1s arra az id\u0151tartamra vonatkozik, amely lehet\u0151v\u00e9 teszi, hogy a T\u00e1rsas\u00e1g ellen\u0151rizze a szem\u00e9lyes adatok pontoss\u00e1g\u00e1t,<\/p>\n<p style=\"padding-left: 40px;\">b)az adatkezel\u00e9s jogellenes, \u00e9s az \u00e9rintett ellenzi az adatok t\u00f6rl\u00e9s\u00e9t, \u00e9s ehelyett k\u00e9ri azok felhaszn\u00e1l\u00e1s\u00e1nak korl\u00e1toz\u00e1s\u00e1t;<\/p>\n<p style=\"padding-left: 40px;\">c) az Adatkezel\u0151nek m\u00e1r nincs sz\u00fcks\u00e9ge a szem\u00e9lyes adatokra adatkezel\u00e9s c\u00e9lj\u00e1b\u00f3l, de az \u00e9rintett ig\u00e9nyli azokat jogi ig\u00e9nyek el\u0151terjeszt\u00e9s\u00e9hez, \u00e9rv\u00e9nyes\u00edt\u00e9s\u00e9hez vagy v\u00e9delm\u00e9hez; vagy<\/p>\n<p style=\"padding-left: 40px;\">d) az \u00e9rintett tiltakozott az adatkezel\u00e9s ellen; ez esetben a korl\u00e1toz\u00e1s arra az id\u0151tartamra vonatkozik, am\u00edg meg\u00e1llap\u00edt\u00e1sra nem ker\u00fcl, hogy az Adatkezel\u0151 jogos indokai els\u0151bbs\u00e9get \u00e9lveznek-e az \u00e9rintett jogos indokaival szemben.\u00a0<\/p>\n<p>Ha az adatkezel\u00e9s korl\u00e1toz\u00e1s (z\u00e1rol\u00e1s) al\u00e1 esik, az ilyen szem\u00e9lyes adatokat a t\u00e1rol\u00e1s kiv\u00e9tel\u00e9vel csak az \u00e9rintett hozz\u00e1j\u00e1rul\u00e1s\u00e1val, vagy jogi ig\u00e9nyek el\u0151terjeszt\u00e9s\u00e9hez, \u00e9rv\u00e9nyes\u00edt\u00e9s\u00e9hez vagy v\u00e9delm\u00e9hez, vagy m\u00e1s term\u00e9szetes vagy jogi szem\u00e9ly jogainak v\u00e9delme \u00e9rdek\u00e9ben, vagy az Eur\u00f3pai Uni\u00f3, illetve valamely tag\u00e1llam fontos k\u00f6z\u00e9rdek\u00e9b\u0151l lehet kezelni.<\/p>\n<p>Adatkezel\u0151 ez\u00faton kiemelten felh\u00edvja az \u00e9rintettek figyelm\u00e9t arra, hogy az \u00e9rintett helyesb\u00edt\u00e9shez, t\u00f6rl\u00e9shez, z\u00e1rol\u00e1shoz val\u00f3 jog\u00e1t t\u00f6rv\u00e9ny korl\u00e1tozhatja az \u00e1llam k\u00fcls\u0151 \u00e9s bels\u0151 biztons\u00e1ga, \u00edgy a honv\u00e9delem, a nemzetbiztons\u00e1g, a b\u0171ncselekm\u00e9nyek megel\u0151z\u00e9se vagy \u00fcld\u00f6z\u00e9se, a b\u00fcntet\u00e9s-v\u00e9grehajt\u00e1s biztons\u00e1ga \u00e9rdek\u00e9ben, tov\u00e1bb\u00e1 \u00e1llami vagy \u00f6nkorm\u00e1nyzati gazdas\u00e1gi vagy p\u00e9nz\u00fcgyi \u00e9rdekb\u0151l, az Eur\u00f3pai Uni\u00f3 jelent\u0151s gazdas\u00e1gi vagy p\u00e9nz\u00fcgyi \u00e9rdek\u00e9b\u0151l, valamint a foglalkoz\u00e1sok gyakorl\u00e1s\u00e1val \u00f6sszef\u00fcgg\u0151 fegyelmi \u00e9s etikai v\u00e9ts\u00e9gek, a munkajogi \u00e9s munkav\u00e9delmi k\u00f6telezetts\u00e9gszeg\u00e9sek megel\u0151z\u00e9se \u00e9s felt\u00e1r\u00e1sa c\u00e9lj\u00e1b\u00f3l &#8211; bele\u00e9rtve minden esetben az ellen\u0151rz\u00e9st \u00e9s a fel\u00fcgyeletet is -, tov\u00e1bb\u00e1 az \u00e9rintett vagy m\u00e1sok jogainak v\u00e9delme \u00e9rdek\u00e9ben.<\/p>\n<p>&nbsp;<\/p>\n<p><strong>Az adathordozhat\u00f3s\u00e1ghoz val\u00f3 jog:<\/strong><\/p>\n<p>Az \u00e9rintett jogosult arra, hogy<\/p>\n<p style=\"padding-left: 40px;\">a) a r\u00e1 vonatkoz\u00f3, \u00e1ltala az Adatkezel\u0151 rendelkez\u00e9s\u00e9re bocs\u00e1tott szem\u00e9lyes adatokat tagolt, sz\u00e9les k\u00f6rben haszn\u00e1lt, g\u00e9ppel olvashat\u00f3 form\u00e1tumban megkapja, tov\u00e1bb\u00e1 jogosult arra, hogy<\/p>\n<p style=\"padding-left: 40px;\">b) ezeket az adatokat egy m\u00e1sik adatkezel\u0151nek tov\u00e1bb\u00edtsa an\u00e9lk\u00fcl, hogy ezt akad\u00e1lyozn\u00e1 az az adatkezel\u0151, amelynek a szem\u00e9lyes adatokat a rendelkez\u00e9s\u00e9re bocs\u00e1totta, ha<\/p>\n<p style=\"padding-left: 40px;\">c) az adatkezel\u00e9s hozz\u00e1j\u00e1rul\u00e1son, vagy a GDPR 6. cikk 1. bek. b) pont szerinti szerz\u0151d\u00e9sen alapul; \u00e9s<\/p>\n<p style=\"padding-left: 40px;\">d) az adatkezel\u00e9s automatiz\u00e1lt m\u00f3don t\u00f6rt\u00e9nik.<\/p>\n<p>Az adatok hordozhat\u00f3s\u00e1g\u00e1hoz val\u00f3 jog gyakorl\u00e1sa sor\u00e1n az \u00e9rintett jogosult arra, hogy \u2013 ha ez technikailag megval\u00f3s\u00edthat\u00f3 \u2013 k\u00e9rje a szem\u00e9lyes adatok adatkezel\u0151k k\u00f6z\u00f6tti k\u00f6zvetlen tov\u00e1bb\u00edt\u00e1s\u00e1t.<\/p>\n<p>Az adathordozhat\u00f3s\u00e1ghoz val\u00f3 jog gyakorl\u00e1sa nem s\u00e9rtheti a t\u00f6rl\u00e9shez val\u00f3 jogot. Az eml\u00edtett jog nem alkalmazand\u00f3 abban az esetben, ha az adatkezel\u00e9s k\u00f6z\u00e9rdek\u0171 vagy az adatkezel\u0151re ruh\u00e1zott k\u00f6zhatalmi jogos\u00edtv\u00e1nyai gyakorl\u00e1s\u00e1nak keret\u00e9ben v\u00e9gzett feladat v\u00e9grehajt\u00e1s\u00e1hoz sz\u00fcks\u00e9ges.<\/p>\n<p>Az adathordozhat\u00f3s\u00e1ghoz val\u00f3 jog nem \u00e9rintheti h\u00e1tr\u00e1nyosan m\u00e1sok jogait \u00e9s szabads\u00e1gait.<\/p>\n<p>&nbsp;<\/p>\n<p><strong>A tiltakoz\u00e1shoz val\u00f3 jog:<\/strong><\/p>\n<p>Az \u00e9rintett jogosult arra, hogy a saj\u00e1t helyzet\u00e9vel kapcsolatos okokb\u00f3l b\u00e1rmikor tiltakozzon szem\u00e9lyes adatainak az Adatkezel\u0151 \u00e1ltali kezel\u00e9se ellen, amennyiben az adatkezel\u00e9s jogalapja k\u00f6z\u00e9rdek vagy az Adatkezel\u0151re ruh\u00e1zott k\u00f6zhatalmi jogos\u00edtv\u00e1ny gyakorl\u00e1s\u00e1nak keret\u00e9ben v\u00e9gzett feladat v\u00e9grehajt\u00e1sa, vagy az Adatkezel\u0151 vagy egy harmadik f\u00e9l jogos \u00e9rdekeinek \u00e9rv\u00e9nyes\u00edt\u00e9s\u00e9nek sz\u00fcks\u00e9gess\u00e9ge, ide\u00e9rtve az eml\u00edtett rendelkez\u00e9seken alapul\u00f3 profilalkot\u00e1st is. Ebben az esetben az Adatkezel\u0151 a szem\u00e9lyes adatokat nem kezelheti tov\u00e1bb, kiv\u00e9ve, ha bizony\u00edtja, hogy az adatkezel\u00e9st olyan k\u00e9nyszer\u00edt\u0151 erej\u0171 jogos okok indokolj\u00e1k, amelyek els\u0151bbs\u00e9get \u00e9lveznek az \u00e9rintett \u00e9rdekeivel, jogaival \u00e9s szabads\u00e1gaival szemben, vagy amelyek jogi ig\u00e9nyek el\u0151terjeszt\u00e9s\u00e9hez, \u00e9rv\u00e9nyes\u00edt\u00e9s\u00e9hez vagy v\u00e9delm\u00e9hez kapcsol\u00f3dnak.<\/p>\n<p>Ha a szem\u00e9lyes adatok kezel\u00e9se k\u00f6zvetlen \u00fczletszerz\u00e9s \u00e9rdek\u00e9ben t\u00f6rt\u00e9nik, az \u00e9rintett jogosult arra, hogy b\u00e1rmikor tiltakozzon a r\u00e1 vonatkoz\u00f3 szem\u00e9lyes adatok e c\u00e9lb\u00f3l t\u00f6rt\u00e9n\u0151 kezel\u00e9se ellen, ide\u00e9rtve a profilalkot\u00e1st is, amennyiben az a k\u00f6zvetlen \u00fczletszerz\u00e9shez kapcsol\u00f3dik. Ha az \u00e9rintett tiltakozik a szem\u00e9lyes adatok k\u00f6zvetlen \u00fczletszerz\u00e9s \u00e9rdek\u00e9ben t\u00f6rt\u00e9n\u0151 kezel\u00e9se ellen, akkor a szem\u00e9lyes adatok a tov\u00e1bbiakban e c\u00e9lb\u00f3l nem kezelhet\u0151k.<\/p>\n<p>Ha a szem\u00e9lyes adatok kezel\u00e9s\u00e9re tudom\u00e1nyos \u00e9s t\u00f6rt\u00e9nelmi kutat\u00e1si c\u00e9lb\u00f3l vagy statisztikai c\u00e9lb\u00f3l ker\u00fcl sor, az \u00e9rintett jogosult arra, hogy a saj\u00e1t helyzet\u00e9vel kapcsolatos okokb\u00f3l tiltakozhasson a r\u00e1 vonatkoz\u00f3 szem\u00e9lyes adatok kezel\u00e9se ellen, kiv\u00e9ve, ha az adatkezel\u00e9sre k\u00f6z\u00e9rdek\u0171 okb\u00f3l v\u00e9gzett feladat v\u00e9grehajt\u00e1sa \u00e9rdek\u00e9ben van sz\u00fcks\u00e9g.<\/p>\n<p>&nbsp;<\/p>\n<p><strong>A visszavon\u00e1s joga:<\/strong><\/p>\n<p>Az \u00e9rintett jogosult arra, hogy amennyiben az Adatkezel\u0151 adatkezel\u00e9se az \u00e9rintett hozz\u00e1j\u00e1rul\u00e1s\u00e1n alapul hozz\u00e1j\u00e1rul\u00e1s\u00e1t b\u00e1rmikor visszavonja. A hozz\u00e1j\u00e1rul\u00e1s visszavon\u00e1sa nem \u00e9rinti a hozz\u00e1j\u00e1rul\u00e1son alapul\u00f3, a visszavon\u00e1s el\u0151tti adatkezel\u00e9s jogszer\u0171s\u00e9g\u00e9t.<\/p>\n<p>&nbsp;<\/p>\n<p><strong>Elj\u00e1r\u00e1s a fenti jogok gyakorl\u00e1s\u00e1val kapcsolatos \u00e9rintetti k\u00e9relem eset\u00e9n:<\/strong><\/p>\n<p>Az Adatkezel\u0151 indokolatlan k\u00e9sedelem n\u00e9lk\u00fcl, de mindenf\u00e9lek\u00e9ppen a k\u00e9relem be\u00e9rkez\u00e9s\u00e9t\u0151l sz\u00e1m\u00edtott egy h\u00f3napon bel\u00fcl t\u00e1j\u00e9koztatja az \u00e9rintettet a jelen t\u00e1j\u00e9koztat\u00f3ban r\u00f6gz\u00edtett jogok gyakorl\u00e1s\u00e1val kapcsolatos, az \u00e9rintetti k\u00e9relem alapj\u00e1n hozott int\u00e9zked\u00e9seir\u0151l. Sz\u00fcks\u00e9g eset\u00e9n, figyelembe v\u00e9ve a k\u00e9relem \u00f6sszetetts\u00e9g\u00e9t \u00e9s a k\u00e9relmek sz\u00e1m\u00e1t, ez a hat\u00e1rid\u0151 tov\u00e1bbi k\u00e9t h\u00f3nappal meghosszabb\u00edthat\u00f3.<\/p>\n<p>\u00a0A hat\u00e1rid\u0151 meghosszabb\u00edt\u00e1s\u00e1r\u00f3l az Adatkezel\u0151 a k\u00e9sedelem okainak megjel\u00f6l\u00e9s\u00e9vel a k\u00e9relem k\u00e9zhezv\u00e9tel\u00e9t\u0151l sz\u00e1m\u00edtott egy h\u00f3napon bel\u00fcl t\u00e1j\u00e9koztatja az \u00e9rintettet. Ha az \u00e9rintett elektronikus \u00faton ny\u00fajtotta be a k\u00e9relmet, a t\u00e1j\u00e9koztat\u00e1s lehet\u0151s\u00e9g szerint elektronikus \u00faton ker\u00fcl megad\u00e1sra, kiv\u00e9ve, ha az \u00e9rintett azt m\u00e1sk\u00e9nt k\u00e9ri.<\/p>\n<p>Ha az Adatkezel\u0151 nem tesz int\u00e9zked\u00e9seket az \u00e9rintett k\u00e9relme nyom\u00e1n, k\u00e9sedelem n\u00e9lk\u00fcl, de legk\u00e9s\u0151bb a k\u00e9relem be\u00e9rkez\u00e9s\u00e9t\u0151l sz\u00e1m\u00edtott egy h\u00f3napon bel\u00fcl t\u00e1j\u00e9koztatja az \u00e9rintettet az int\u00e9zked\u00e9s elmarad\u00e1s\u00e1nak okair\u00f3l, valamint arr\u00f3l, hogy az \u00e9rintett panaszt ny\u00fajthat be a Nemzeti Adatv\u00e9delmi \u00e9s Inform\u00e1ci\u00f3szabads\u00e1g Hat\u00f3s\u00e1gn\u00e1l, \u00e9s \u00e9lhet b\u00edr\u00f3s\u00e1gi jogorvoslati jog\u00e1val.<\/p>\n<p>\u00a0Az Adatkezel\u0151 felh\u00edvja az \u00e9rintettek figyelm\u00e9t, hogy a t\u00e1j\u00e9koztat\u00e1s ingyenes, ha az \u00e9rintett a foly\u00f3 \u00e9vben azonos adatk\u00f6rre vonatkoz\u00f3an t\u00e1j\u00e9koztat\u00e1si k\u00e9relmet az Adatkezel\u0151h\u00f6z m\u00e9g nem ny\u00fajtott be. Ha az \u00e9rintett a foly\u00f3 \u00e9vben, azonos adatk\u00f6rre vonatkoz\u00f3an a hozz\u00e1f\u00e9r\u00e9shez val\u00f3 joga, a helyesb\u00edt\u00e9shez val\u00f3 joga, az adatkezel\u00e9s korl\u00e1toz\u00e1s\u00e1hoz val\u00f3 joga, illetve a t\u00f6rl\u00e9shez val\u00f3 joga \u00e9rv\u00e9nyes\u00edt\u00e9se ir\u00e1nt ism\u00e9telten k\u00e9relmet ny\u00fajt be, \u00e9s e k\u00e9relme alapj\u00e1n az Adatkezel\u0151 vagy az \u00e1ltala megb\u00edzott vagy rendelkez\u00e9se alapj\u00e1n elj\u00e1r\u00f3 adatfeldolgoz\u00f3 \u00e1ltal kezelt szem\u00e9lyes adatainak helyesb\u00edt\u00e9s\u00e9t, t\u00f6rl\u00e9s\u00e9t vagy az adatkezel\u00e9s korl\u00e1toz\u00e1s\u00e1t az adatkezel\u0151 jogszer\u0171en mell\u0151zi, az Adatkezel\u0151 az \u00e9rintett jogainak a jelen pont szerinti ism\u00e9telt \u00e9s megalapozatlan \u00e9rv\u00e9nyes\u00edt\u00e9s\u00e9vel \u00f6sszef\u00fcgg\u00e9sben k\u00f6zvetlen\u00fcl felmer\u00fclt k\u00f6lts\u00e9geinek megt\u00e9r\u00edt\u00e9s\u00e9t k\u00f6vetelheti az \u00e9rintett\u0151l. Ha megalapozottan feltehet\u0151, hogy a jelen pontban meghat\u00e1rozott jogok \u00e9rv\u00e9nyes\u00edt\u00e9se ir\u00e1nt k\u00e9relmet beny\u00fajt\u00f3 szem\u00e9ly az \u00e9rintettel nem azonos szem\u00e9ly, az Adatkezel\u0151 a k\u00e9relmet az azt beny\u00fajt\u00f3 szem\u00e9ly szem\u00e9lyazonoss\u00e1g\u00e1nak hitelt \u00e9rdeml\u0151 igazol\u00e1s\u00e1t k\u00f6vet\u0151en teljes\u00edti.<\/p>\n<p>Az Adatkezel\u0151 minden olyan c\u00edmzettet t\u00e1j\u00e9koztat az \u00e1ltala v\u00e9gzett valamennyi helyesb\u00edt\u00e9sr\u0151l, t\u00f6rl\u00e9sr\u0151l vagy adatkezel\u00e9s-korl\u00e1toz\u00e1sr\u00f3l, akivel, illetve amellyel a szem\u00e9lyes adatot k\u00f6z\u00f6lt\u00e9k, kiv\u00e9ve, ha ez lehetetlennek bizonyul, vagy ar\u00e1nytalanul nagy er\u0151fesz\u00edt\u00e9st ig\u00e9nyel. Az \u00e9rintettet k\u00e9r\u00e9s\u00e9re az Adatkezel\u0151 t\u00e1j\u00e9koztatja e c\u00edmzettekr\u0151l.<\/p>\n<p>&nbsp;<\/p>\n<p><strong>Jogorvoslati lehet\u0151s\u00e9gei:<\/strong><\/p>\n<p>B\u00e1rmilyen, adatkezel\u00e9ssel kapcsolatos k\u00e9rd\u00e9ssel, \u00e9szrev\u00e9tellel kereshet\u0151 az Adatkezel\u0151 a jelen t\u00e1j\u00e9koztat\u00f3 3. pontj\u00e1ban megadott el\u00e9rhet\u0151s\u00e9gek valamelyik\u00e9n.<\/p>\n<p>Inform\u00e1ci\u00f3s \u00f6nrendelkez\u00e9si jog\u00e1nak megs\u00e9rt\u00e9se eset\u00e9n bejelent\u00e9ssel, panasszal \u00e9lhet:<\/p>\n<p>A Nemzeti Adatv\u00e9delmi \u00e9s Inform\u00e1ci\u00f3szabads\u00e1g Hat\u00f3s\u00e1gn\u00e1l<\/p>\n<p style=\"padding-left: 40px;\">levelez\u00e9si c\u00edm: 1530 Budapest, Pf.: 5.,<\/p>\n<p style=\"padding-left: 40px;\">telefon: +36 (1) 391-1400,<\/p>\n<p style=\"padding-left: 40px;\">email: ugyfelszolgalat@naih.hu,<\/p>\n<p style=\"padding-left: 40px;\">honlap: www.naih.hu<\/p>\n<p>bejelent\u00e9ssel vizsg\u00e1latot kezdem\u00e9nyezhet arra hivatkoz\u00e1ssal, hogy szem\u00e9lyes adatai kezel\u00e9s\u00e9vel kapcsolatban jogs\u00e9relem \u00e9rte vagy annak k\u00f6zvetlen vesz\u00e9lye fenn\u00e1ll.<\/p>\n<p>&nbsp;<\/p>\n<p><strong>A b\u00edr\u00f3s\u00e1ghoz fordul\u00e1s joga:<\/strong><\/p>\n<p>Az \u00e9rintett a jogainak megs\u00e9rt\u00e9se eset\u00e9n az Adatkezel\u0151 ellen b\u00edr\u00f3s\u00e1ghoz fordulhat. A b\u00edr\u00f3s\u00e1g az \u00fcgyben soron k\u00edv\u00fcl j\u00e1r el. Azt, hogy az adatkezel\u00e9s a jogszab\u00e1lyban foglaltaknak megfelel, az Adatkezel\u0151 k\u00f6teles bizony\u00edtani. A per elb\u00edr\u00e1l\u00e1sa a t\u00f6rv\u00e9nysz\u00e9k hat\u00e1sk\u00f6r\u00e9be tartozik. A per \u2013 az \u00e9rintett v\u00e1laszt\u00e1sa szerint \u2013 az \u00e9rintett lak\u00f3helye vagy tart\u00f3zkod\u00e1si helye szerinti t\u00f6rv\u00e9nysz\u00e9k el\u0151tt is megind\u00edthat\u00f3.<\/p>\n<p>&nbsp;<\/p>\n<p>[\/et_pb_text][\/et_pb_column][\/et_pb_row][\/et_pb_section][et_pb_section fb_built=&#8221;1&#8243; specialty=&#8221;on&#8221; custom_padding_last_edited=&#8221;on|phone&#8221; background_color_1=&#8221;RGBA(0,0,0,0)&#8221; padding_top_bottom_link_1=&#8221;false&#8221; padding_left_right_link_1=&#8221;false&#8221; admin_label=&#8221;Footer&#8221; _builder_version=&#8221;4.9.2&#8243; background_color=&#8221;#2F2E33&#8243; custom_margin_tablet=&#8221;0px||||false|false&#8221; custom_margin_phone=&#8221;&#8221; custom_margin_last_edited=&#8221;on|tablet&#8221; custom_padding=&#8221;||||false|false&#8221; custom_padding_tablet=&#8221;&#8221; custom_padding_phone=&#8221;|||20px|false|false&#8221; module_alignment_tablet=&#8221;&#8221; module_alignment_phone=&#8221;&#8221; module_alignment_last_edited=&#8221;on|phone&#8221; inner_module_alignment_tablet=&#8221;&#8221; inner_module_alignment_phone=&#8221;left&#8221; inner_module_alignment_last_edited=&#8221;on|phone&#8221; use_custom_width=&#8221;on&#8221; width_unit=&#8221;off&#8221; custom_width_percent=&#8221;100%&#8221; saved_tabs=&#8221;all&#8221; locked=&#8221;off&#8221; global_colors_info=&#8221;{}&#8221;][et_pb_column type=&#8221;1_2&#8243; specialty_columns=&#8221;2&#8243; _builder_version=&#8221;3.25&#8243; custom_padding=&#8221;|||&#8221; custom_padding__hover=&#8221;|||&#8221;][et_pb_row_inner custom_padding_last_edited=&#8221;off|desktop&#8221; admin_label=&#8221;Sor&#8221; _builder_version=&#8221;4.9.2&#8243; custom_margin=&#8221;0px||||false|false&#8221; custom_margin_tablet=&#8221;0px||||false|false&#8221; custom_margin_phone=&#8221;&#8221; custom_margin_last_edited=&#8221;on|tablet&#8221; custom_padding_tablet=&#8221;|10%||10%||true&#8221; animation_direction=&#8221;left&#8221; collapsed=&#8221;off&#8221;][et_pb_column_inner saved_specialty_column_type=&#8221;1_2&#8243; admin_label=&#8221;Oszlop&#8221; _builder_version=&#8221;4.9.2&#8243; _module_preset=&#8221;default&#8221;][et_pb_image src=&#8221;http:\/\/www.marketingarchitect.hu\/wp-content\/uploads\/2021\/05\/Kiss-Viktoria-marketing-architect-logo-RGB_800x250px-WHITE.png&#8221; title_text=&#8221;Kiss-Viktoria-marketing-architect-logo-RGB_800x250px-WHITE&#8221; _builder_version=&#8221;4.9.2&#8243; _module_preset=&#8221;default&#8221; max_width=&#8221;280px&#8221;][\/et_pb_image][\/et_pb_column_inner][\/et_pb_row_inner][et_pb_row_inner _builder_version=&#8221;4.9.2&#8243; _module_preset=&#8221;default&#8221; width=&#8221;100%&#8221; width_tablet=&#8221;70%&#8221; width_phone=&#8221;300px&#8221; width_last_edited=&#8221;on|phone&#8221; height=&#8221;30px&#8221;][et_pb_column_inner saved_specialty_column_type=&#8221;1_2&#8243; _builder_version=&#8221;4.9.2&#8243; _module_preset=&#8221;default&#8221; custom_css_main_element=&#8221;display:flex;||justify-content: space-between;&#8221;][et_pb_text _builder_version=&#8221;4.9.2&#8243; _dynamic_attributes=&#8221;link_option_url&#8221; text_font=&#8221;|||on|||||&#8221; text_text_color=&#8221;#FFFFFF&#8221; text_font_size=&#8221;18px&#8221; text_line_height=&#8221;2em&#8221; link_font=&#8221;||||||||&#8221; link_text_color=&#8221;#ffffff&#8221; header_font=&#8221;||||||||&#8221; background_layout=&#8221;dark&#8221; custom_padding=&#8221;||0px|||&#8221; link_option_url=&#8221;@ET-DC@eyJkeW5hbWljIjp0cnVlLCJjb250ZW50IjoicG9zdF9saW5rX3VybF9wYWdlIiwic2V0dGluZ3MiOnsicG9zdF9pZCI6IjM5MyJ9fQ==@&#8221; text_font_size_tablet=&#8221;&#8221; text_font_size_phone=&#8221;16px&#8221; text_font_size_last_edited=&#8221;on|phone&#8221; locked=&#8221;off&#8221;]<\/p>\n<p>ABOUT YOU<\/p>\n<p>[\/et_pb_text][et_pb_text _builder_version=&#8221;4.9.2&#8243; _dynamic_attributes=&#8221;link_option_url&#8221; text_font=&#8221;|||on|||||&#8221; text_text_color=&#8221;#FFFFFF&#8221; text_font_size=&#8221;18px&#8221; text_line_height=&#8221;2em&#8221; link_font=&#8221;||||||||&#8221; link_text_color=&#8221;#ffffff&#8221; header_font=&#8221;||||||||&#8221; background_layout=&#8221;dark&#8221; custom_padding=&#8221;||0px|||&#8221; link_option_url=&#8221;@ET-DC@eyJkeW5hbWljIjp0cnVlLCJjb250ZW50IjoicG9zdF9saW5rX3VybF9wYWdlIiwic2V0dGluZ3MiOnsicG9zdF9pZCI6IjEyNjEifX0=@&#8221; text_font_size_tablet=&#8221;&#8221; text_font_size_phone=&#8221;16px&#8221; text_font_size_last_edited=&#8221;on|phone&#8221; locked=&#8221;off&#8221;]<\/p>\n<p>ABOUT ME<\/p>\n<p>[\/et_pb_text][et_pb_text _builder_version=&#8221;4.9.2&#8243; _dynamic_attributes=&#8221;link_option_url&#8221; text_font=&#8221;|||on|||||&#8221; text_text_color=&#8221;#FFFFFF&#8221; text_font_size=&#8221;18px&#8221; text_line_height=&#8221;2em&#8221; link_font=&#8221;||||||||&#8221; link_text_color=&#8221;#ffffff&#8221; header_font=&#8221;||||||||&#8221; background_layout=&#8221;dark&#8221; link_option_url=&#8221;@ET-DC@eyJkeW5hbWljIjp0cnVlLCJjb250ZW50IjoicG9zdF9saW5rX3VybF9wYWdlIiwic2V0dGluZ3MiOnsicG9zdF9pZCI6IjQ4NiJ9fQ==@&#8221; text_font_size_tablet=&#8221;&#8221; text_font_size_phone=&#8221;16px&#8221; text_font_size_last_edited=&#8221;on|phone&#8221; locked=&#8221;off&#8221;]<\/p>\n<p>TOGETHER<\/p>\n<p>[\/et_pb_text][et_pb_text _builder_version=&#8221;4.9.2&#8243; _dynamic_attributes=&#8221;link_option_url&#8221; text_font=&#8221;|||on|||||&#8221; text_text_color=&#8221;#FFFFFF&#8221; text_font_size=&#8221;18px&#8221; text_line_height=&#8221;2em&#8221; link_font=&#8221;||||||||&#8221; link_text_color=&#8221;#ffffff&#8221; header_font=&#8221;||||||||&#8221; background_layout=&#8221;dark&#8221; link_option_url=&#8221;@ET-DC@eyJkeW5hbWljIjp0cnVlLCJjb250ZW50IjoicG9zdF9saW5rX3VybF9wYWdlIiwic2V0dGluZ3MiOnsicG9zdF9pZCI6IjM0NyJ9fQ==@&#8221; text_font_size_tablet=&#8221;&#8221; text_font_size_phone=&#8221;16px&#8221; text_font_size_last_edited=&#8221;on|phone&#8221; locked=&#8221;off&#8221;]<\/p>\n<p>ONE MINUTE BLOG<\/p>\n<p>[\/et_pb_text][\/et_pb_column_inner][\/et_pb_row_inner][et_pb_row_inner _builder_version=&#8221;4.9.2&#8243; _module_preset=&#8221;default&#8221; width=&#8221;62%&#8221; width_tablet=&#8221;45%&#8221; width_phone=&#8221;225px&#8221; width_last_edited=&#8221;on|phone&#8221; height=&#8221;30px&#8221;][et_pb_column_inner saved_specialty_column_type=&#8221;1_2&#8243; _builder_version=&#8221;4.9.2&#8243; _module_preset=&#8221;default&#8221; custom_css_main_element=&#8221;display:flex;||justify-content: space-between;&#8221;][et_pb_text _builder_version=&#8221;4.9.2&#8243; _dynamic_attributes=&#8221;link_option_url&#8221; text_font=&#8221;|||on|||||&#8221; text_text_color=&#8221;#FFFFFF&#8221; text_font_size=&#8221;18px&#8221; text_line_height=&#8221;2em&#8221; link_font=&#8221;||||||||&#8221; link_text_color=&#8221;#ffffff&#8221; header_font=&#8221;||||||||&#8221; background_layout=&#8221;dark&#8221; link_option_url=&#8221;@ET-DC@eyJkeW5hbWljIjp0cnVlLCJjb250ZW50IjoicG9zdF9saW5rX3VybF9wYWdlIiwic2V0dGluZ3MiOnsicG9zdF9pZCI6IjMifX0=@&#8221; text_font_size_tablet=&#8221;&#8221; text_font_size_phone=&#8221;16px&#8221; text_font_size_last_edited=&#8221;on|phone&#8221; locked=&#8221;off&#8221;]<\/p>\n<p>DATA PROTECTION<\/p>\n<p>[\/et_pb_text][et_pb_text _builder_version=&#8221;4.9.2&#8243; text_font=&#8221;|||on|||||&#8221; text_text_color=&#8221;#FFFFFF&#8221; text_font_size=&#8221;18px&#8221; text_line_height=&#8221;2em&#8221; link_font=&#8221;||||||||&#8221; link_text_color=&#8221;#ffffff&#8221; header_font=&#8221;||||||||&#8221; background_layout=&#8221;dark&#8221; text_font_size_tablet=&#8221;&#8221; text_font_size_phone=&#8221;16px&#8221; text_font_size_last_edited=&#8221;on|phone&#8221; locked=&#8221;off&#8221;]<\/p>\n<p><a href=\"#\">IMPRINT<\/a><\/p>\n<p>[\/et_pb_text][\/et_pb_column_inner][\/et_pb_row_inner][\/et_pb_column][et_pb_column type=&#8221;1_2&#8243; admin_label=&#8221;Oszlop&#8221; _builder_version=&#8221;3.25&#8243; custom_padding=&#8221;|||&#8221; padding_tablet=&#8221;|10%||10%||true&#8221; padding_last_edited=&#8221;on|tablet&#8221; custom_padding__hover=&#8221;|||&#8221;][et_pb_blurb use_icon=&#8221;on&#8221; font_icon=&#8221;%%264%%&#8221; icon_color=&#8221;#FFFFFF&#8221; icon_placement=&#8221;left&#8221; use_icon_font_size=&#8221;on&#8221; icon_font_size=&#8221;26px&#8221; icon_font_size_tablet=&#8221;&#8221; icon_font_size_phone=&#8221;20px&#8221; icon_font_size_last_edited=&#8221;on|phone&#8221; _builder_version=&#8221;4.9.2&#8243; _module_preset=&#8221;default&#8221; header_level=&#8221;h2&#8243; header_font=&#8221;|600||||on|||&#8221; header_text_color=&#8221;#FFFFFF&#8221; header_font_size=&#8221;20px&#8221; body_font=&#8221;||||||||&#8221; body_text_color=&#8221;#FFFFFF&#8221; body_font_size=&#8221;18px&#8221; background_color=&#8221;RGBA(0,0,0,0)&#8221; background_layout=&#8221;dark&#8221; custom_margin=&#8221;136px||0px||false|false&#8221; custom_margin_tablet=&#8221;0px||0px|-65px|false|false&#8221; custom_margin_phone=&#8221;|||-15px|false|false&#8221; custom_margin_last_edited=&#8221;on|tablet&#8221; custom_padding=&#8221;||0px|||&#8221; custom_padding_tablet=&#8221;&#8221; custom_padding_phone=&#8221;||||false|false&#8221; custom_padding_last_edited=&#8221;on|phone&#8221; animation_direction=&#8221;left&#8221; animation=&#8221;off&#8221; header_font_size_tablet=&#8221;&#8221; header_font_size_phone=&#8221;&#8221; header_font_size_last_edited=&#8221;on|phone&#8221; body_text_align_tablet=&#8221;&#8221; body_text_align_phone=&#8221;&#8221; body_text_align_last_edited=&#8221;on|phone&#8221; body_font_size_tablet=&#8221;&#8221; body_font_size_phone=&#8221;16px&#8221; body_font_size_last_edited=&#8221;on|phone&#8221; module_alignment_tablet=&#8221;&#8221; module_alignment_phone=&#8221;&#8221; module_alignment_last_edited=&#8221;on|phone&#8221; custom_css_main_element=&#8221;color: white;&#8221; border_radii=&#8221;on|4px|4px|4px|4px&#8221; border_width_all=&#8221;16px&#8221; border_color_all=&#8221;RGBA(0,0,0,0)&#8221; locked=&#8221;off&#8221;]<\/p>\n<p><span style=\"color: #ffffff;\"><a href=\"tel:36703119966\" style=\"color: #ffffff;\">+36 70 311 99 66<\/a><\/span><\/p>\n<p>[\/et_pb_blurb][et_pb_blurb use_icon=&#8221;on&#8221; font_icon=&#8221;%%153%%&#8221; icon_color=&#8221;#FFFFFF&#8221; icon_placement=&#8221;left&#8221; use_icon_font_size=&#8221;on&#8221; icon_font_size=&#8221;26px&#8221; content_max_width_tablet=&#8221;&#8221; content_max_width_phone=&#8221;&#8221; content_max_width_last_edited=&#8221;on|phone&#8221; icon_font_size_tablet=&#8221;&#8221; icon_font_size_phone=&#8221;20px&#8221; icon_font_size_last_edited=&#8221;on|phone&#8221; _builder_version=&#8221;4.9.2&#8243; _module_preset=&#8221;default&#8221; header_level=&#8221;h2&#8243; header_font=&#8221;|600||||on|||&#8221; header_text_color=&#8221;#FFFFFF&#8221; header_font_size=&#8221;20px&#8221; body_font=&#8221;||||||||&#8221; body_text_color=&#8221;#FFFFFF&#8221; body_font_size=&#8221;18px&#8221; background_color=&#8221;RGBA(0,0,0,0)&#8221; background_layout=&#8221;dark&#8221; width_tablet=&#8221;&#8221; width_phone=&#8221;300px&#8221; width_last_edited=&#8221;on|phone&#8221; custom_margin=&#8221;5px||0px||false|false&#8221; custom_margin_tablet=&#8221;0px||0px|-65px|false|false&#8221; custom_margin_phone=&#8221;|||-15px|false|false&#8221; custom_margin_last_edited=&#8221;on|tablet&#8221; custom_padding=&#8221;||0px|||&#8221; custom_padding_tablet=&#8221;&#8221; custom_padding_phone=&#8221;||||false|false&#8221; custom_padding_last_edited=&#8221;on|phone&#8221; animation_direction=&#8221;left&#8221; animation=&#8221;off&#8221; header_font_size_tablet=&#8221;&#8221; header_font_size_phone=&#8221;&#8221; header_font_size_last_edited=&#8221;on|phone&#8221; body_font_size_tablet=&#8221;&#8221; body_font_size_phone=&#8221;16px&#8221; body_font_size_last_edited=&#8221;on|phone&#8221; custom_css_main_element=&#8221;color: white;&#8221; border_radii=&#8221;on|4px|4px|4px|4px&#8221; border_width_all=&#8221;16px&#8221; border_color_all=&#8221;RGBA(0,0,0,0)&#8221; locked=&#8221;off&#8221;]<\/p>\n<p><span style=\"color: #ffffff;\"><a href=\"mailto:hello@marketingarchitect.hu\" style=\"color: #ffffff;\" target=\"_blank\" rel=\"noopener\">hello@marketingarchitect.hu<\/a><\/span><\/p>\n<p>[\/et_pb_blurb][\/et_pb_column][\/et_pb_section]<\/p>","protected":false},"excerpt":{"rendered":"<p>[et_pb_section fb_built=&#8221;1&#8243; _builder_version=&#8221;4.9.2&#8243; _module_preset=&#8221;default&#8221; background_image=&#8221;http:\/\/www.marketingarchitect.hu\/wp-content\/uploads\/2021\/06\/Kiss-Viktoria-marketing-architect-ADATVEDELEM-7-scaled.jpg&#8221; height=&#8221;340px&#8221; height_tablet=&#8221;200px&#8221; height_phone=&#8221;200px&#8221; height_last_edited=&#8221;on|phone&#8221; custom_margin=&#8221;||||false&#8221; custom_padding=&#8221;||||true|false&#8221; hover_enabled=&#8221;0&#8243; title_text=&#8221;Kiss-Viktoria-marketing-architect-ADATVEDELEM-7&#8243; sticky_enabled=&#8221;0&#8243;][\/et_pb_section][et_pb_section fb_built=&#8221;1&#8243; _builder_version=&#8221;4.9.2&#8243; _module_preset=&#8221;default&#8221; background_color=&#8221;#FFFFFF&#8221; background_enable_image=&#8221;off&#8221; custom_padding=&#8221;||10px||false|false&#8221;][et_pb_row _builder_version=&#8221;4.9.2&#8243; _module_preset=&#8221;default&#8221; custom_margin=&#8221;||||false|false&#8221; custom_padding=&#8221;|0px|0px||false|false&#8221;][et_pb_column type=&#8221;4_4&#8243; _builder_version=&#8221;4.9.2&#8243; _module_preset=&#8221;default&#8221;][et_pb_text _builder_version=&#8221;4.9.2&#8243; _module_preset=&#8221;default&#8221; header_text_color=&#8221;#2F2E33&#8243; header_font_size=&#8221;26px&#8221; custom_margin=&#8221;11px||11px||true|false&#8221;] Adatkezel\u00e9si t\u00e1j\u00e9koztat\u00f3 AZ ADATKEZEL\u00c9SI T\u00c1J\u00c9KOZTAT\u00d3 C\u00c9LJA A MarketingArchitect.hu tulajdonosa a K.V.Zoo Szolg\u00e1ltat\u00f3 Bt (tov\u00e1bbiakban: \u201eK.V.Zoo\u201d, \u201eAdatkezel\u0151\u201d, vagy \u201eT\u00e1rsas\u00e1g\u201d), mint adatkezel\u0151, mag\u00e1ra n\u00e9zve k\u00f6telez\u0151nek [&hellip;]<\/p>","protected":false},"author":1,"featured_media":0,"parent":0,"menu_order":0,"comment_status":"closed","ping_status":"closed","template":"","meta":{"_et_pb_use_builder":"on","_et_pb_old_content":"<!-- wp:heading --><h2>Who we are<\/h2><!-- \/wp:heading --><!-- wp:paragraph --><p><strong class=\"privacy-policy-tutorial\">Suggested text: <\/strong>Our website address is: http:\/\/www.marketingarchitect.hu.<\/p><!-- \/wp:paragraph --><!-- wp:heading --><h2>Comments<\/h2><!-- \/wp:heading --><!-- wp:paragraph --><p><strong class=\"privacy-policy-tutorial\">Suggested text: <\/strong>When visitors leave comments on the site we collect the data shown in the comments form, and also the visitor&#8217;s IP address and browser user agent string to help spam detection.<\/p><!-- \/wp:paragraph --><!-- wp:paragraph --><p>An anonymized string created from your email address (also called a hash) may be provided to the Gravatar service to see if you are using it. The Gravatar service privacy policy is available here: https:\/\/automattic.com\/privacy\/. After approval of your comment, your profile picture is visible to the public in the context of your comment.<\/p><!-- \/wp:paragraph --><!-- wp:heading --><h2>Media<\/h2><!-- \/wp:heading --><!-- wp:paragraph --><p><strong class=\"privacy-policy-tutorial\">Suggested text: <\/strong>If you upload images to the website, you should avoid uploading images with embedded location data (EXIF GPS) included. Visitors to the website can download and extract any location data from images on the website.<\/p><!-- \/wp:paragraph --><!-- wp:heading --><h2>Cookies<\/h2><!-- \/wp:heading --><!-- wp:paragraph --><p><strong class=\"privacy-policy-tutorial\">Suggested text: <\/strong>If you leave a comment on our site you may opt-in to saving your name, email address and website in cookies. These are for your convenience so that you do not have to fill in your details again when you leave another comment. These cookies will last for one year.<\/p><!-- \/wp:paragraph --><!-- wp:paragraph --><p>If you visit our login page, we will set a temporary cookie to determine if your browser accepts cookies. This cookie contains no personal data and is discarded when you close your browser.<\/p><!-- \/wp:paragraph --><!-- wp:paragraph --><p>When you log in, we will also set up several cookies to save your login information and your screen display choices. Login cookies last for two days, and screen options cookies last for a year. If you select &quot;Remember Me&quot;, your login will persist for two weeks. If you log out of your account, the login cookies will be removed.<\/p><!-- \/wp:paragraph --><!-- wp:paragraph --><p>If you edit or publish an article, an additional cookie will be saved in your browser. This cookie includes no personal data and simply indicates the post ID of the article you just edited. It expires after 1 day.<\/p><!-- \/wp:paragraph --><!-- wp:heading --><h2>Embedded content from other websites<\/h2><!-- \/wp:heading --><!-- wp:paragraph --><p><strong class=\"privacy-policy-tutorial\">Suggested text: <\/strong>Articles on this site may include embedded content (e.g. videos, images, articles, etc.). Embedded content from other websites behaves in the exact same way as if the visitor has visited the other website.<\/p><!-- \/wp:paragraph --><!-- wp:paragraph --><p>These websites may collect data about you, use cookies, embed additional third-party tracking, and monitor your interaction with that embedded content, including tracking your interaction with the embedded content if you have an account and are logged in to that website.<\/p><!-- \/wp:paragraph --><!-- wp:heading --><h2>Who we share your data with<\/h2><!-- \/wp:heading --><!-- wp:paragraph --><p><strong class=\"privacy-policy-tutorial\">Suggested text: <\/strong>If you request a password reset, your IP address will be included in the reset email.<\/p><!-- \/wp:paragraph --><!-- wp:heading --><h2>How long we retain your data<\/h2><!-- \/wp:heading --><!-- wp:paragraph --><p><strong class=\"privacy-policy-tutorial\">Suggested text: <\/strong>If you leave a comment, the comment and its metadata are retained indefinitely. This is so we can recognize and approve any follow-up comments automatically instead of holding them in a moderation queue.<\/p><!-- \/wp:paragraph --><!-- wp:paragraph --><p>For users that register on our website (if any), we also store the personal information they provide in their user profile. All users can see, edit, or delete their personal information at any time (except they cannot change their username). Website administrators can also see and edit that information.<\/p><!-- \/wp:paragraph --><!-- wp:heading --><h2>What rights you have over your data<\/h2><!-- \/wp:heading --><!-- wp:paragraph --><p><strong class=\"privacy-policy-tutorial\">Suggested text: <\/strong>If you have an account on this site, or have left comments, you can request to receive an exported file of the personal data we hold about you, including any data you have provided to us. You can also request that we erase any personal data we hold about you. This does not include any data we are obliged to keep for administrative, legal, or security purposes.<\/p><!-- \/wp:paragraph --><!-- wp:heading --><h2>Where we send your data<\/h2><!-- \/wp:heading --><!-- wp:paragraph --><p><strong class=\"privacy-policy-tutorial\">Suggested text: <\/strong>Visitor comments may be checked through an automated spam detection service.<\/p><!-- \/wp:paragraph -->","_et_gb_content_width":"","om_disable_all_campaigns":false,"_mi_skip_tracking":false,"_monsterinsights_sitenote_active":false,"_monsterinsights_sitenote_note":"","_monsterinsights_sitenote_category":0,"footnotes":""},"class_list":["post-3","page","type-page","status-publish","hentry"],"aioseo_notices":[],"yoast_head":"<!-- This site is optimized with the Yoast SEO plugin v21.0 - https:\/\/yoast.com\/wordpress\/plugins\/seo\/ -->\n<title>Adatkezel\u00e9s - Marketing Architect<\/title>\n<meta name=\"robots\" content=\"index, follow, max-snippet:-1, max-image-preview:large, max-video-preview:-1\" \/>\n<link rel=\"canonical\" href=\"https:\/\/www.marketingarchitect.hu\/en\/adatkezeles\/\" \/>\n<meta property=\"og:locale\" content=\"en_GB\" \/>\n<meta property=\"og:type\" content=\"article\" \/>\n<meta property=\"og:title\" content=\"Adatkezel\u00e9s - Marketing Architect\" \/>\n<meta property=\"og:description\" content=\"[et_pb_section fb_built=&#8221;1&#8243; _builder_version=&#8221;4.9.2&#8243; _module_preset=&#8221;default&#8221; background_image=&#8221;http:\/\/www.marketingarchitect.hu\/wp-content\/uploads\/2021\/06\/Kiss-Viktoria-marketing-architect-ADATVEDELEM-7-scaled.jpg&#8221; height=&#8221;340px&#8221; height_tablet=&#8221;200px&#8221; height_phone=&#8221;200px&#8221; height_last_edited=&#8221;on|phone&#8221; custom_margin=&#8221;||||false&#8221; custom_padding=&#8221;||||true|false&#8221; hover_enabled=&#8221;0&#8243; title_text=&#8221;Kiss-Viktoria-marketing-architect-ADATVEDELEM-7&#8243; sticky_enabled=&#8221;0&#8243;][\/et_pb_section][et_pb_section fb_built=&#8221;1&#8243; _builder_version=&#8221;4.9.2&#8243; _module_preset=&#8221;default&#8221; background_color=&#8221;#FFFFFF&#8221; background_enable_image=&#8221;off&#8221; custom_padding=&#8221;||10px||false|false&#8221;][et_pb_row _builder_version=&#8221;4.9.2&#8243; _module_preset=&#8221;default&#8221; custom_margin=&#8221;||||false|false&#8221; custom_padding=&#8221;|0px|0px||false|false&#8221;][et_pb_column type=&#8221;4_4&#8243; _builder_version=&#8221;4.9.2&#8243; _module_preset=&#8221;default&#8221;][et_pb_text _builder_version=&#8221;4.9.2&#8243; _module_preset=&#8221;default&#8221; header_text_color=&#8221;#2F2E33&#8243; header_font_size=&#8221;26px&#8221; custom_margin=&#8221;11px||11px||true|false&#8221;] Adatkezel\u00e9si t\u00e1j\u00e9koztat\u00f3 AZ ADATKEZEL\u00c9SI T\u00c1J\u00c9KOZTAT\u00d3 C\u00c9LJA A MarketingArchitect.hu tulajdonosa a K.V.Zoo Szolg\u00e1ltat\u00f3 Bt (tov\u00e1bbiakban: \u201eK.V.Zoo\u201d, \u201eAdatkezel\u0151\u201d, vagy \u201eT\u00e1rsas\u00e1g\u201d), mint adatkezel\u0151, mag\u00e1ra n\u00e9zve k\u00f6telez\u0151nek [&hellip;]\" \/>\n<meta property=\"og:url\" content=\"https:\/\/www.marketingarchitect.hu\/en\/adatkezeles\/\" \/>\n<meta property=\"og:site_name\" content=\"Marketing Architect\" \/>\n<meta property=\"article:modified_time\" content=\"2021-06-16T10:40:26+00:00\" \/>\n<meta name=\"twitter:card\" content=\"summary_large_image\" \/>\n<meta name=\"twitter:label1\" content=\"Estimated reading time\" \/>\n\t<meta name=\"twitter:data1\" content=\"41 minutes\" \/>\n<script type=\"application\/ld+json\" class=\"yoast-schema-graph\">{\"@context\":\"https:\/\/schema.org\",\"@graph\":[{\"@type\":\"WebPage\",\"@id\":\"https:\/\/www.marketingarchitect.hu\/adatkezeles\/\",\"url\":\"https:\/\/www.marketingarchitect.hu\/adatkezeles\/\",\"name\":\"Adatkezel\u00e9s - Marketing Architect\",\"isPartOf\":{\"@id\":\"https:\/\/www.marketingarchitect.hu\/#website\"},\"datePublished\":\"2021-03-23T16:38:43+00:00\",\"dateModified\":\"2021-06-16T10:40:26+00:00\",\"breadcrumb\":{\"@id\":\"https:\/\/www.marketingarchitect.hu\/adatkezeles\/#breadcrumb\"},\"inLanguage\":\"en-GB\",\"potentialAction\":[{\"@type\":\"ReadAction\",\"target\":[\"https:\/\/www.marketingarchitect.hu\/adatkezeles\/\"]}]},{\"@type\":\"BreadcrumbList\",\"@id\":\"https:\/\/www.marketingarchitect.hu\/adatkezeles\/#breadcrumb\",\"itemListElement\":[{\"@type\":\"ListItem\",\"position\":1,\"name\":\"Home\",\"item\":\"https:\/\/www.marketingarchitect.hu\/\"},{\"@type\":\"ListItem\",\"position\":2,\"name\":\"Adatkezel\u00e9s\"}]},{\"@type\":\"WebSite\",\"@id\":\"https:\/\/www.marketingarchitect.hu\/#website\",\"url\":\"https:\/\/www.marketingarchitect.hu\/\",\"name\":\"Marketing Architect\",\"description\":\"Marketing tervez\u00e9s KKV-knak\",\"publisher\":{\"@id\":\"https:\/\/www.marketingarchitect.hu\/#organization\"},\"potentialAction\":[{\"@type\":\"SearchAction\",\"target\":{\"@type\":\"EntryPoint\",\"urlTemplate\":\"https:\/\/www.marketingarchitect.hu\/?s={search_term_string}\"},\"query-input\":\"required name=search_term_string\"}],\"inLanguage\":\"en-GB\"},{\"@type\":\"Organization\",\"@id\":\"https:\/\/www.marketingarchitect.hu\/#organization\",\"name\":\"MarketingArchitect.hu\",\"url\":\"https:\/\/www.marketingarchitect.hu\/\",\"logo\":{\"@type\":\"ImageObject\",\"inLanguage\":\"en-GB\",\"@id\":\"https:\/\/www.marketingarchitect.hu\/#\/schema\/logo\/image\/\",\"url\":\"https:\/\/www.marketingarchitect.hu\/wp-content\/uploads\/2021\/05\/Kiss-Viktoria-marketing-architect-logo-RGB_800x250px-COLOR-white-background.png\",\"contentUrl\":\"https:\/\/www.marketingarchitect.hu\/wp-content\/uploads\/2021\/05\/Kiss-Viktoria-marketing-architect-logo-RGB_800x250px-COLOR-white-background.png\",\"width\":800,\"height\":250,\"caption\":\"MarketingArchitect.hu\"},\"image\":{\"@id\":\"https:\/\/www.marketingarchitect.hu\/#\/schema\/logo\/image\/\"}}]}<\/script>\n<!-- \/ Yoast SEO plugin. -->","yoast_head_json":{"title":"Adatkezel\u00e9s - Marketing Architect","robots":{"index":"index","follow":"follow","max-snippet":"max-snippet:-1","max-image-preview":"max-image-preview:large","max-video-preview":"max-video-preview:-1"},"canonical":"https:\/\/www.marketingarchitect.hu\/en\/adatkezeles\/","og_locale":"en_GB","og_type":"article","og_title":"Adatkezel\u00e9s - Marketing Architect","og_description":"[et_pb_section fb_built=&#8221;1&#8243; _builder_version=&#8221;4.9.2&#8243; _module_preset=&#8221;default&#8221; background_image=&#8221;http:\/\/www.marketingarchitect.hu\/wp-content\/uploads\/2021\/06\/Kiss-Viktoria-marketing-architect-ADATVEDELEM-7-scaled.jpg&#8221; height=&#8221;340px&#8221; height_tablet=&#8221;200px&#8221; height_phone=&#8221;200px&#8221; height_last_edited=&#8221;on|phone&#8221; custom_margin=&#8221;||||false&#8221; custom_padding=&#8221;||||true|false&#8221; hover_enabled=&#8221;0&#8243; title_text=&#8221;Kiss-Viktoria-marketing-architect-ADATVEDELEM-7&#8243; sticky_enabled=&#8221;0&#8243;][\/et_pb_section][et_pb_section fb_built=&#8221;1&#8243; _builder_version=&#8221;4.9.2&#8243; _module_preset=&#8221;default&#8221; background_color=&#8221;#FFFFFF&#8221; background_enable_image=&#8221;off&#8221; custom_padding=&#8221;||10px||false|false&#8221;][et_pb_row _builder_version=&#8221;4.9.2&#8243; _module_preset=&#8221;default&#8221; custom_margin=&#8221;||||false|false&#8221; custom_padding=&#8221;|0px|0px||false|false&#8221;][et_pb_column type=&#8221;4_4&#8243; _builder_version=&#8221;4.9.2&#8243; _module_preset=&#8221;default&#8221;][et_pb_text _builder_version=&#8221;4.9.2&#8243; _module_preset=&#8221;default&#8221; header_text_color=&#8221;#2F2E33&#8243; header_font_size=&#8221;26px&#8221; custom_margin=&#8221;11px||11px||true|false&#8221;] Adatkezel\u00e9si t\u00e1j\u00e9koztat\u00f3 AZ ADATKEZEL\u00c9SI T\u00c1J\u00c9KOZTAT\u00d3 C\u00c9LJA A MarketingArchitect.hu tulajdonosa a K.V.Zoo Szolg\u00e1ltat\u00f3 Bt (tov\u00e1bbiakban: \u201eK.V.Zoo\u201d, \u201eAdatkezel\u0151\u201d, vagy \u201eT\u00e1rsas\u00e1g\u201d), mint adatkezel\u0151, mag\u00e1ra n\u00e9zve k\u00f6telez\u0151nek [&hellip;]","og_url":"https:\/\/www.marketingarchitect.hu\/en\/adatkezeles\/","og_site_name":"Marketing Architect","article_modified_time":"2021-06-16T10:40:26+00:00","twitter_card":"summary_large_image","twitter_misc":{"Estimated reading time":"41 minutes"},"schema":{"@context":"https:\/\/schema.org","@graph":[{"@type":"WebPage","@id":"https:\/\/www.marketingarchitect.hu\/adatkezeles\/","url":"https:\/\/www.marketingarchitect.hu\/adatkezeles\/","name":"Adatkezel\u00e9s - Marketing Architect","isPartOf":{"@id":"https:\/\/www.marketingarchitect.hu\/#website"},"datePublished":"2021-03-23T16:38:43+00:00","dateModified":"2021-06-16T10:40:26+00:00","breadcrumb":{"@id":"https:\/\/www.marketingarchitect.hu\/adatkezeles\/#breadcrumb"},"inLanguage":"en-GB","potentialAction":[{"@type":"ReadAction","target":["https:\/\/www.marketingarchitect.hu\/adatkezeles\/"]}]},{"@type":"BreadcrumbList","@id":"https:\/\/www.marketingarchitect.hu\/adatkezeles\/#breadcrumb","itemListElement":[{"@type":"ListItem","position":1,"name":"Home","item":"https:\/\/www.marketingarchitect.hu\/"},{"@type":"ListItem","position":2,"name":"Adatkezel\u00e9s"}]},{"@type":"WebSite","@id":"https:\/\/www.marketingarchitect.hu\/#website","url":"https:\/\/www.marketingarchitect.hu\/","name":"Marketing Architect","description":"Marketing tervez\u00e9s KKV-knak","publisher":{"@id":"https:\/\/www.marketingarchitect.hu\/#organization"},"potentialAction":[{"@type":"SearchAction","target":{"@type":"EntryPoint","urlTemplate":"https:\/\/www.marketingarchitect.hu\/?s={search_term_string}"},"query-input":"required name=search_term_string"}],"inLanguage":"en-GB"},{"@type":"Organization","@id":"https:\/\/www.marketingarchitect.hu\/#organization","name":"MarketingArchitect.hu","url":"https:\/\/www.marketingarchitect.hu\/","logo":{"@type":"ImageObject","inLanguage":"en-GB","@id":"https:\/\/www.marketingarchitect.hu\/#\/schema\/logo\/image\/","url":"https:\/\/www.marketingarchitect.hu\/wp-content\/uploads\/2021\/05\/Kiss-Viktoria-marketing-architect-logo-RGB_800x250px-COLOR-white-background.png","contentUrl":"https:\/\/www.marketingarchitect.hu\/wp-content\/uploads\/2021\/05\/Kiss-Viktoria-marketing-architect-logo-RGB_800x250px-COLOR-white-background.png","width":800,"height":250,"caption":"MarketingArchitect.hu"},"image":{"@id":"https:\/\/www.marketingarchitect.hu\/#\/schema\/logo\/image\/"}}]}},"_links":{"self":[{"href":"https:\/\/www.marketingarchitect.hu\/en\/wp-json\/wp\/v2\/pages\/3","targetHints":{"allow":["GET"]}}],"collection":[{"href":"https:\/\/www.marketingarchitect.hu\/en\/wp-json\/wp\/v2\/pages"}],"about":[{"href":"https:\/\/www.marketingarchitect.hu\/en\/wp-json\/wp\/v2\/types\/page"}],"author":[{"embeddable":true,"href":"https:\/\/www.marketingarchitect.hu\/en\/wp-json\/wp\/v2\/users\/1"}],"replies":[{"embeddable":true,"href":"https:\/\/www.marketingarchitect.hu\/en\/wp-json\/wp\/v2\/comments?post=3"}],"version-history":[{"count":24,"href":"https:\/\/www.marketingarchitect.hu\/en\/wp-json\/wp\/v2\/pages\/3\/revisions"}],"predecessor-version":[{"id":1995,"href":"https:\/\/www.marketingarchitect.hu\/en\/wp-json\/wp\/v2\/pages\/3\/revisions\/1995"}],"wp:attachment":[{"href":"https:\/\/www.marketingarchitect.hu\/en\/wp-json\/wp\/v2\/media?parent=3"}],"curies":[{"name":"wp","href":"https:\/\/api.w.org\/{rel}","templated":true}]}}